{"id":88,"date":"2025-02-12T17:35:04","date_gmt":"2025-02-12T16:35:04","guid":{"rendered":"https:\/\/www.plamarcell.cat\/web\/?page_id=88"},"modified":"2026-04-22T19:47:04","modified_gmt":"2026-04-22T17:47:04","slug":"projectes-dinnovacio","status":"publish","type":"page","link":"https:\/\/www.plamarcell.cat\/web\/projectes-dinnovacio\/","title":{"rendered":"Projectes d&#8217;innovaci\u00f3"},"content":{"rendered":"<div  class='flex_column av-sosus-11d422958360210d78a69b0bd7be17fd av_one_third  avia-builder-el-0  el_before_av_two_third  avia-builder-el-first  first flex_column_div  '     ><style type=\"text\/css\" data-created_by=\"avia_inline_auto\" id=\"style-css-av-mah4an4q-5d7a816770083bfa89e747c43928b58b\">\n#top .av-special-heading.av-mah4an4q-5d7a816770083bfa89e747c43928b58b{\npadding-bottom:10px;\n}\nbody .av-special-heading.av-mah4an4q-5d7a816770083bfa89e747c43928b58b .av-special-heading-tag .heading-char{\nfont-size:25px;\n}\n.av-special-heading.av-mah4an4q-5d7a816770083bfa89e747c43928b58b .av-subheading{\nfont-size:15px;\n}\n<\/style>\n<div  class='av-special-heading av-mah4an4q-5d7a816770083bfa89e747c43928b58b av-special-heading-h1 blockquote modern-quote  avia-builder-el-1  avia-builder-el-no-sibling '><h1 class='av-special-heading-tag '  itemprop=\"headline\"  >Projectes d\u2019innovaci\u00f3<\/h1><div class=\"special-heading-border\"><div class=\"special-heading-inner-border\"><\/div><\/div><\/div><\/div>\n<div  class='flex_column av-sarrg-b927a50393099abd74d053eef656898b av_two_third  avia-builder-el-2  el_after_av_one_third  el_before_av_hr  flex_column_div  '     ><p>\n<style type=\"text\/css\" data-created_by=\"avia_inline_auto\" id=\"style-css-av-rwghg-e3ea0e923181e1ae0b0c2fe6c95ecc7a\">\n.avia-image-container.av-rwghg-e3ea0e923181e1ae0b0c2fe6c95ecc7a img.avia_image{\nbox-shadow:none;\n}\n.avia-image-container.av-rwghg-e3ea0e923181e1ae0b0c2fe6c95ecc7a .av-image-caption-overlay-center{\ncolor:#ffffff;\n}\n<\/style>\n<div  class='avia-image-container av-rwghg-e3ea0e923181e1ae0b0c2fe6c95ecc7a av-styling- avia-align-center  avia-builder-el-3  el_before_av_hr  avia-builder-el-first '   itemprop=\"image\" itemscope=\"itemscope\" itemtype=\"https:\/\/schema.org\/ImageObject\" ><div class=\"avia-image-container-inner\"><div class=\"avia-image-overlay-wrap\"><img decoding=\"async\" fetchpriority=\"high\" class='wp-image-3259 avia-img-lazy-loading-not-3259 avia_image ' src=\"https:\/\/www.plamarcell.cat\/web\/wp-content\/uploads\/2025\/03\/ima-base-1000x420-1.jpg\" alt='' title='ima-base-1000x420'  height=\"420\" width=\"1000\"  itemprop=\"thumbnailUrl\" srcset=\"https:\/\/www.plamarcell.cat\/web\/wp-content\/uploads\/2025\/03\/ima-base-1000x420-1.jpg 1000w, https:\/\/www.plamarcell.cat\/web\/wp-content\/uploads\/2025\/03\/ima-base-1000x420-1-300x126.jpg 300w, https:\/\/www.plamarcell.cat\/web\/wp-content\/uploads\/2025\/03\/ima-base-1000x420-1-768x323.jpg 768w, https:\/\/www.plamarcell.cat\/web\/wp-content\/uploads\/2025\/03\/ima-base-1000x420-1-705x296.jpg 705w\" sizes=\"(max-width: 1000px) 100vw, 1000px\" \/><\/div><\/div><\/div><br \/>\n\n<style type=\"text\/css\" data-created_by=\"avia_inline_auto\" id=\"style-css-av-mkwutp4p-6b1e8cfe7205665f081500ea291a75f3\">\n#top .hr.hr-invisible.av-mkwutp4p-6b1e8cfe7205665f081500ea291a75f3{\nheight:25px;\n}\n<\/style>\n<div  class='hr av-mkwutp4p-6b1e8cfe7205665f081500ea291a75f3 hr-invisible  avia-builder-el-4  el_after_av_image  el_before_av_textblock '><span class='hr-inner '><span class=\"hr-inner-style\"><\/span><\/span><\/div><br \/>\n\n<style type=\"text\/css\" data-created_by=\"avia_inline_auto\" id=\"style-css-av-rav3c-2ca0c7b408770a6988b93196293f3d45\">\n#top .av_textblock_section.av-rav3c-2ca0c7b408770a6988b93196293f3d45 .avia_textblock{\nfont-size:24px;\ncolor:#ec6361;\n}\n<\/style>\n<section  class='av_textblock_section av-rav3c-2ca0c7b408770a6988b93196293f3d45 '   itemscope=\"itemscope\" itemtype=\"https:\/\/schema.org\/CreativeWork\" ><div class='avia_textblock av_inherit_color'  itemprop=\"text\" ><p><span style=\"font-weight: 400;\">L\u2019Institut Pla Marcell de Cardedeu \u00e9s un centre del Departament d\u2019Educaci\u00f3 i Formaci\u00f3 Professional de la Generalitat de Catalunya que va iniciar la seva activitat el setembre de 2006.<\/span><\/p>\n<p><span style=\"font-weight: 400;\">Va n\u00e9ixer amb la voluntat de formar persones reflexives, amb valor i criteri, actives i compromeses amb el seu entorn; persones conscients de la import\u00e0ncia de l\u2019individu dins la societat i de la influ\u00e8ncia que cadasc\u00fa pot tenir en els aven\u00e7os socials i en la conviv\u00e8ncia. Formem ciutadans per a la societat del segle XXI.<\/span><\/p>\n<\/div><\/section><\/p><\/div><div  class='hr av-qih98-a02f8368afce0ec13a53d4b28be8cc30 hr-default  avia-builder-el-6  el_after_av_two_third  el_before_av_one_third '><span class='hr-inner '><span class=\"hr-inner-style\"><\/span><\/span><\/div><\/p>\n<div  class='flex_column av-pq87c-63866cbbef3ef3ee3f43da3036e7c96b av_one_third  avia-builder-el-7  el_after_av_hr  el_before_av_two_third  first flex_column_div  '     ><style type=\"text\/css\" data-created_by=\"avia_inline_auto\" id=\"style-css-av-mddaxiht-d7ff95ac13a9e16fedc6c240e30d2b2d\">\n.avia-image-container.av-mddaxiht-d7ff95ac13a9e16fedc6c240e30d2b2d img.avia_image{\nbox-shadow:none;\n}\n.avia-image-container.av-mddaxiht-d7ff95ac13a9e16fedc6c240e30d2b2d .av-image-caption-overlay-center{\ncolor:#ffffff;\n}\n<\/style>\n<div  class='avia-image-container av-mddaxiht-d7ff95ac13a9e16fedc6c240e30d2b2d av-styling- avia-align-center  avia-builder-el-8  avia-builder-el-no-sibling '   itemprop=\"image\" itemscope=\"itemscope\" itemtype=\"https:\/\/schema.org\/ImageObject\" ><div class=\"avia-image-container-inner\"><div class=\"avia-image-overlay-wrap\"><img decoding=\"async\" fetchpriority=\"high\" class='wp-image-4660 avia-img-lazy-loading-not-4660 avia_image ' src=\"https:\/\/www.plamarcell.cat\/web\/wp-content\/uploads\/2025\/07\/ima-Projecte-Faig.png\" alt='Institut Pla Marcell-Projecte-Faig' title='Faig'  height=\"350\" width=\"350\"  itemprop=\"thumbnailUrl\" srcset=\"https:\/\/www.plamarcell.cat\/web\/wp-content\/uploads\/2025\/07\/ima-Projecte-Faig.png 350w, https:\/\/www.plamarcell.cat\/web\/wp-content\/uploads\/2025\/07\/ima-Projecte-Faig-300x300.png 300w, https:\/\/www.plamarcell.cat\/web\/wp-content\/uploads\/2025\/07\/ima-Projecte-Faig-80x80.png 80w, https:\/\/www.plamarcell.cat\/web\/wp-content\/uploads\/2025\/07\/ima-Projecte-Faig-36x36.png 36w, https:\/\/www.plamarcell.cat\/web\/wp-content\/uploads\/2025\/07\/ima-Projecte-Faig-180x180.png 180w\" sizes=\"(max-width: 350px) 100vw, 350px\" \/><\/div><\/div><\/div><\/div>\n<div  class='flex_column av-pfs4g-f03651a2671574835a82f5864613a017 av_two_third  avia-builder-el-9  el_after_av_one_third  el_before_av_hr  flex_column_div  '     ><section  class='av_textblock_section av-mah4c1v0-56f69184a613274995a907a948a3879e '   itemscope=\"itemscope\" itemtype=\"https:\/\/schema.org\/CreativeWork\" ><div class='avia_textblock'  itemprop=\"text\" ><p><span style=\"font-weight: 400;\">El <strong>Projecte FAIG (Fent per Aprendre, Imaginant Globalment)<\/strong> \u00e9s una iniciativa del Departament d\u2019Educaci\u00f3 de Catalunya, promoguda pel <strong>CESIRE<\/strong>, que dona suport a la innovaci\u00f3 educativa en centres que desenvolupen metodologies actives d\u2019aprenentatge.\u00a0<\/span><\/p>\n<p><b>Objectius principals del projecte FAIG<\/b><\/p>\n<ul>\n<li style=\"font-weight: 400;\" aria-level=\"1\"><b>Aprofundir i consolidar l&#8217;aprenentatge per projectes com a cultura de centre<\/b><span style=\"font-weight: 400;\">: Integrar l&#8217;aprenentatge per projectes com una pr\u00e0ctica habitual i compartida en el centre educatiu.<\/span><\/li>\n<li style=\"font-weight: 400;\" aria-level=\"1\"><b>Vincular els projectes a desafiaments i reptes socials<\/b><span style=\"font-weight: 400;\">: Connectar els projectes educatius amb problem\u00e0tiques reals i actuals, fomentant la implicaci\u00f3 de l&#8217;alumnat en la recerca de solucions.<\/span><\/li>\n<li style=\"font-weight: 400;\" aria-level=\"1\"><b>Incorporar actituds maker i fabricaci\u00f3 digital<\/b><span style=\"font-weight: 400;\">: Fomentar la creativitat, la innovaci\u00f3 i l&#8217;\u00fas de tecnologies digitals en el proc\u00e9s d&#8217;aprenentatge.<\/span><\/li>\n<\/ul>\n<p><span style=\"font-weight: 400;\">Per a m\u00e9s informaci\u00f3 i recursos, podeu consultar la p\u00e0gina oficial del projecte <\/span><a href=\"https:\/\/serveiseducatius.xtec.cat\/cesire\/faig-fent-per-aprendre-imaginant-globalment\/\"><span style=\"font-weight: 400;\">FAIG<\/span><\/a><span style=\"font-weight: 400;\"> al CESIRE: FAIG. Fent per aprendre, imaginant globalment.<\/span><\/p>\n<\/div><\/section><\/div><div  class='hr av-ob78s-19d5743b2eb1481dd49a12d730795876 hr-default  avia-builder-el-11  el_after_av_two_third  el_before_av_one_third '><span class='hr-inner '><span class=\"hr-inner-style\"><\/span><\/span><\/div><\/p>\n<div  class='flex_column av-nh9uo-01c7f84ec43c0969cb0586990b21dd71 av_one_third  avia-builder-el-12  el_after_av_hr  el_before_av_two_third  first flex_column_div  '     ><style type=\"text\/css\" data-created_by=\"avia_inline_auto\" id=\"style-css-av-mah4g248-18807c1913e889b857b8a05df8959f2e\">\n#top .av-special-heading.av-mah4g248-18807c1913e889b857b8a05df8959f2e{\npadding-bottom:10px;\n}\nbody .av-special-heading.av-mah4g248-18807c1913e889b857b8a05df8959f2e .av-special-heading-tag .heading-char{\nfont-size:25px;\n}\n.av-special-heading.av-mah4g248-18807c1913e889b857b8a05df8959f2e .av-subheading{\nfont-size:15px;\n}\n<\/style>\n<div  class='av-special-heading av-mah4g248-18807c1913e889b857b8a05df8959f2e av-special-heading-h1 blockquote modern-quote  avia-builder-el-13  avia-builder-el-no-sibling '><h1 class='av-special-heading-tag '  itemprop=\"headline\"  >Interactua<\/h1><div class=\"special-heading-border\"><div class=\"special-heading-inner-border\"><\/div><\/div><\/div><\/div>\n<div  class='flex_column av-n1h98-f8096ab311d8093175215beda3dee2db av_two_third  avia-builder-el-14  el_after_av_one_third  el_before_av_hr  flex_column_div  '     ><section  class='av_textblock_section av-mah4dh9m-999c5c39d407e5d6ee1d2662c85deb3c '   itemscope=\"itemscope\" itemtype=\"https:\/\/schema.org\/CreativeWork\" ><div class='avia_textblock'  itemprop=\"text\" ><p><span style=\"font-weight: 400;\"><strong>Projecte Interactua<\/strong>. TAPD (T\u00e8cnic d&#8217;atenci\u00f3 en persones en situaci\u00f3 de depend\u00e8ncia) cicle mitj\u00e0 de Serveis a la Comunitat.<\/span><\/p>\n<p><span style=\"font-weight: 400;\">Sorgeix com un projecte comunitari de col\u00b7laboraci\u00f3 entre l&#8217;<strong>Ajuntament de Cardedeu<\/strong> i l\u2019<strong>Institut Pla Marcell<\/strong> per donar resposta al col\u00b7lectiu de gent gran.<\/span><\/p>\n<p><span style=\"font-weight: 400;\">L\u2019alumnat de cicle mitj\u00e0 <strong>TAPD<\/strong> realitza propostes adre\u00e7ades a persones reals d\u2019aquest col\u00b7lectiu que presenta molta diversitat tant en les seves caracter\u00edstiques com en les seves necessitats. Aquestes propostes es concreten a:<\/span><\/p>\n<ul>\n<li style=\"font-weight: 400;\" aria-level=\"1\"><span style=\"font-weight: 400;\">Interactua, persones que viuen soles i venen a dinar a la cantina de l&#8217;Institut.<\/span><\/li>\n<li style=\"font-weight: 400;\" aria-level=\"1\"><span style=\"font-weight: 400;\">Persones que assisteixen al Taller de mem\u00f2ria organitzat per l\u2019\u00c0rea de Benestar Social de l&#8217;Ajuntament de Cardedeu.<\/span><\/li>\n<li style=\"font-weight: 400;\" aria-level=\"1\"><span style=\"font-weight: 400;\">Les Teixidores, persones usu\u00e0ries del centre de dia \u201cles Teixidores\u201d de Cardedeu.<\/span><\/li>\n<\/ul>\n<p><span style=\"font-weight: 400;\">La finalitat d\u2019aquest projecte comunitari \u00e9s donar valor al col\u00b7lectiu de la gent gran i poder realitzar propostes concretes que incideixin en el benestar del col\u00b7lectiu i el contacte intergeneracional.\u00a0 <\/span><\/p>\n<\/div><\/section><\/div><div  class='hr av-lwgpo-eea4749b408288e75db94227c3994137 hr-default  avia-builder-el-16  el_after_av_two_third  el_before_av_one_third '><span class='hr-inner '><span class=\"hr-inner-style\"><\/span><\/span><\/div><\/p>\n<div  class='flex_column av-24rc8-8e0243aa0df3c0d33a815f4a79bfc486 av_one_third  avia-builder-el-17  el_after_av_hr  el_before_av_two_third  first flex_column_div  '     ><style type=\"text\/css\" data-created_by=\"avia_inline_auto\" id=\"style-css-av-mddazhe5-5f7edf07c8f4e25da75f3e547da5bc76\">\n.avia-image-container.av-mddazhe5-5f7edf07c8f4e25da75f3e547da5bc76 img.avia_image{\nbox-shadow:none;\n}\n.avia-image-container.av-mddazhe5-5f7edf07c8f4e25da75f3e547da5bc76 .av-image-caption-overlay-center{\ncolor:#ffffff;\n}\n<\/style>\n<div  class='avia-image-container av-mddazhe5-5f7edf07c8f4e25da75f3e547da5bc76 av-styling- avia-align-center  avia-builder-el-18  avia-builder-el-no-sibling '   itemprop=\"image\" itemscope=\"itemscope\" itemtype=\"https:\/\/schema.org\/ImageObject\" ><div class=\"avia-image-container-inner\"><div class=\"avia-image-overlay-wrap\"><img decoding=\"async\" fetchpriority=\"high\" class='wp-image-4658 avia-img-lazy-loading-not-4658 avia_image ' src=\"https:\/\/www.plamarcell.cat\/web\/wp-content\/uploads\/2025\/07\/ima-Projecte-Dual-FP.jpg\" alt='Institut Pla Marcell-Projecte-Dual FP' title='Dual FP'  height=\"350\" width=\"350\"  itemprop=\"thumbnailUrl\" srcset=\"https:\/\/www.plamarcell.cat\/web\/wp-content\/uploads\/2025\/07\/ima-Projecte-Dual-FP.jpg 350w, https:\/\/www.plamarcell.cat\/web\/wp-content\/uploads\/2025\/07\/ima-Projecte-Dual-FP-300x300.jpg 300w, https:\/\/www.plamarcell.cat\/web\/wp-content\/uploads\/2025\/07\/ima-Projecte-Dual-FP-80x80.jpg 80w, https:\/\/www.plamarcell.cat\/web\/wp-content\/uploads\/2025\/07\/ima-Projecte-Dual-FP-36x36.jpg 36w, https:\/\/www.plamarcell.cat\/web\/wp-content\/uploads\/2025\/07\/ima-Projecte-Dual-FP-180x180.jpg 180w\" sizes=\"(max-width: 350px) 100vw, 350px\" \/><\/div><\/div><\/div><\/div>\n<div  class='flex_column av-kgdsg-8b1c0d1350b5a6b9f26e1f5af5f6fc9b av_two_third  avia-builder-el-19  el_after_av_one_third  el_before_av_hr  flex_column_div  '     ><section  class='av_textblock_section av-mah4h75v-09cddc7b7b0067240798af7247002af5 '   itemscope=\"itemscope\" itemtype=\"https:\/\/schema.org\/CreativeWork\" ><div class='avia_textblock'  itemprop=\"text\" ><p><span style=\"font-weight: 400;\">La <strong>FP dual<\/strong> \u00e9s la modalitat de formaci\u00f3 professional en qu\u00e8 l\u2019alumne\/a combina la formaci\u00f3 al centre educatiu amb una activitat laboral-formativa a l\u2019empresa.<\/span><\/p>\n<p><span style=\"font-weight: 400;\">Al <strong>Pla Marcell<\/strong> aquesta modalitat la tenim implantada al <strong>cicle de GS de T\u00e8cnic d\u2019Integraci\u00f3 Social<\/strong>, on col\u00b7laborem amb diverses entitats del sector en la formaci\u00f3 de l\u2019alumnat.<\/span><\/p>\n<p><span style=\"font-weight: 400;\">Actualment tenim alumnat dual a:<\/span><\/p>\n<ul>\n<li><span style=\"font-weight: 400;\">Ajuntament de Cardedeu<\/span><\/li>\n<li><span style=\"font-weight: 400;\">Recursos Educatius per a la Inf\u00e0ncia en risc (REIR)<\/span><\/li>\n<li><span style=\"font-weight: 400;\">Fundaci\u00f3 Viver de Bell-lloc<\/span><\/li>\n<li><span style=\"font-weight: 400;\">Salut Mental Gr\u00e0cia (ATRA)<\/span><\/li>\n<\/ul>\n<\/div><\/section><\/div><div  class='hr av-jilw8-2ee2ffc6561c967d391f46818684e132 hr-default  avia-builder-el-21  el_after_av_two_third  el_before_av_one_third '><span class='hr-inner '><span class=\"hr-inner-style\"><\/span><\/span><\/div><\/p>\n<div  class='flex_column av-iyouc-4637715e13183174e0068ae168e77646 av_one_third  avia-builder-el-22  el_after_av_hr  el_before_av_two_third  first flex_column_div  '     ><style type=\"text\/css\" data-created_by=\"avia_inline_auto\" id=\"style-css-av-mddb05re-ece2d1b650d21f5a5c42e1b5bc9a5d83\">\n.avia-image-container.av-mddb05re-ece2d1b650d21f5a5c42e1b5bc9a5d83 img.avia_image{\nbox-shadow:none;\n}\n.avia-image-container.av-mddb05re-ece2d1b650d21f5a5c42e1b5bc9a5d83 .av-image-caption-overlay-center{\ncolor:#ffffff;\n}\n<\/style>\n<div  class='avia-image-container av-mddb05re-ece2d1b650d21f5a5c42e1b5bc9a5d83 av-styling- avia-align-center  avia-builder-el-23  avia-builder-el-no-sibling '   itemprop=\"image\" itemscope=\"itemscope\" itemtype=\"https:\/\/schema.org\/ImageObject\" ><div class=\"avia-image-container-inner\"><div class=\"avia-image-overlay-wrap\"><img decoding=\"async\" fetchpriority=\"high\" class='wp-image-4662 avia-img-lazy-loading-not-4662 avia_image ' src=\"https:\/\/www.plamarcell.cat\/web\/wp-content\/uploads\/2025\/07\/ima-Projecte-Innova-FP.png\" alt='Institut Pla Marcell-Projecte-Innova FP' title='Innova FP'  height=\"350\" width=\"350\"  itemprop=\"thumbnailUrl\" srcset=\"https:\/\/www.plamarcell.cat\/web\/wp-content\/uploads\/2025\/07\/ima-Projecte-Innova-FP.png 350w, https:\/\/www.plamarcell.cat\/web\/wp-content\/uploads\/2025\/07\/ima-Projecte-Innova-FP-300x300.png 300w, https:\/\/www.plamarcell.cat\/web\/wp-content\/uploads\/2025\/07\/ima-Projecte-Innova-FP-80x80.png 80w, https:\/\/www.plamarcell.cat\/web\/wp-content\/uploads\/2025\/07\/ima-Projecte-Innova-FP-36x36.png 36w, https:\/\/www.plamarcell.cat\/web\/wp-content\/uploads\/2025\/07\/ima-Projecte-Innova-FP-180x180.png 180w\" sizes=\"(max-width: 350px) 100vw, 350px\" \/><\/div><\/div><\/div><\/div>\n<div  class='flex_column av-i1v7g-2bfc06faf9890150a21cf6ed2e247648 av_two_third  avia-builder-el-24  el_after_av_one_third  el_before_av_hr  flex_column_div  '     ><section  class='av_textblock_section av-mah560ro-62bebdd50b537470a8a2e4126704e753 '   itemscope=\"itemscope\" itemtype=\"https:\/\/schema.org\/CreativeWork\" ><div class='avia_textblock'  itemprop=\"text\" ><p><span style=\"font-weight: 400;\"><strong>InnovaFP<\/strong> t\u00e9 la finalitat d&#8217;estimular la vinculaci\u00f3 entre els ensenyaments de formaci\u00f3 professional del centre i les entitats de l&#8217;entorn per al desenvolupament de projectes d&#8217;inter\u00e8s mutu que generin valor educatiu, social i empresarial.\u00a0 L&#8217;objectiu \u00e9s proporcionar a l&#8217;alumnat una formaci\u00f3 real, pr\u00e0ctica i amb un impacte a l&#8217;entorn. Des d&#8217;aquesta col\u00b7laboraci\u00f3 neixen projectes que han estat premiats i reconeguts com l&#8217;<strong>Atelier (TEI)<\/strong> i <strong>Interactua (TAPD)<\/strong>. I d&#8217;altres que s&#8217;imparteixen des del m\u00f2dul de Projectes en cada un dels cicles d&#8217;FP.\u00a0<\/span><\/p>\n<p><span style=\"font-weight: 400;\"><strong>Innova FP<\/strong> tamb\u00e9 ens permet formar part d&#8217;una xarxa de col\u00b7laboraci\u00f3 amb altres centres que treballen en la mateixa l\u00ednia educativa i tenir acc\u00e9s a la formaci\u00f3 permanent en innovaci\u00f3 que proporciona el <strong>Departament d&#8217;Educaci\u00f3 i Formaci\u00f3 Professional<\/strong>.<\/span><\/p>\n<\/div><\/section><\/div><div  class='hr av-h56qo-3b5e887d9cded133d86f1256090b48a2 hr-default  avia-builder-el-26  el_after_av_two_third  el_before_av_one_third '><span class='hr-inner '><span class=\"hr-inner-style\"><\/span><\/span><\/div><\/p>\n<div  class='flex_column av-gbnxk-6ea72a92affef317e79bc21b46c188a2 av_one_third  avia-builder-el-27  el_after_av_hr  el_before_av_two_third  first flex_column_div  '     ><style type=\"text\/css\" data-created_by=\"avia_inline_auto\" id=\"style-css-av-mddb0ixw-0929ba7edc5a630663ba51fb92728a4d\">\n.avia-image-container.av-mddb0ixw-0929ba7edc5a630663ba51fb92728a4d img.avia_image{\nbox-shadow:none;\n}\n.avia-image-container.av-mddb0ixw-0929ba7edc5a630663ba51fb92728a4d .av-image-caption-overlay-center{\ncolor:#ffffff;\n}\n<\/style>\n<div  class='avia-image-container av-mddb0ixw-0929ba7edc5a630663ba51fb92728a4d av-styling- avia-align-center  avia-builder-el-28  avia-builder-el-no-sibling '   itemprop=\"image\" itemscope=\"itemscope\" itemtype=\"https:\/\/schema.org\/ImageObject\" ><div class=\"avia-image-container-inner\"><div class=\"avia-image-overlay-wrap\"><img decoding=\"async\" fetchpriority=\"high\" class='wp-image-4663 avia-img-lazy-loading-not-4663 avia_image ' src=\"https:\/\/www.plamarcell.cat\/web\/wp-content\/uploads\/2025\/07\/ima-Projecte-Millora.png\" alt='Institut Pla Marcell-Projecte-Millora' title='Projecte-Millora'  height=\"350\" width=\"350\"  itemprop=\"thumbnailUrl\" srcset=\"https:\/\/www.plamarcell.cat\/web\/wp-content\/uploads\/2025\/07\/ima-Projecte-Millora.png 350w, https:\/\/www.plamarcell.cat\/web\/wp-content\/uploads\/2025\/07\/ima-Projecte-Millora-300x300.png 300w, https:\/\/www.plamarcell.cat\/web\/wp-content\/uploads\/2025\/07\/ima-Projecte-Millora-80x80.png 80w, https:\/\/www.plamarcell.cat\/web\/wp-content\/uploads\/2025\/07\/ima-Projecte-Millora-36x36.png 36w, https:\/\/www.plamarcell.cat\/web\/wp-content\/uploads\/2025\/07\/ima-Projecte-Millora-180x180.png 180w\" sizes=\"(max-width: 350px) 100vw, 350px\" \/><\/div><\/div><\/div><\/div>\n<div  class='flex_column av-fqlis-c8a6d73fb453d9febb25922ae88c6b40 av_two_third  avia-builder-el-29  el_after_av_one_third  el_before_av_hr  flex_column_div  '     ><section  class='av_textblock_section av-mah4rqxx-7cbc921c6d9ef5653756a93f9b8153a9 '   itemscope=\"itemscope\" itemtype=\"https:\/\/schema.org\/CreativeWork\" ><div class='avia_textblock'  itemprop=\"text\" ><p><span style=\"font-weight: 400;\">El <strong>PQiMC (Projecte de Qualitat i Millora Cont\u00ednua)<\/strong> es desenvolupa a trav\u00e9s de cursos i seminaris, jornades d\u2019intercanvi d\u2019experi\u00e8ncies i, l\u2019agrupaci\u00f3 dels centres en xarxes de treball amb l\u2019objectiu de donar-se suport m\u00fatuament i compartir experi\u00e8ncies, metodologies, aix\u00ed com noves eines de gesti\u00f3 i millora.\u00a0<\/span><\/p>\n<p><span style=\"font-weight: 400;\">Les xarxes de centres s\u2019organitzen tenint en compte el grau de desenvolupament del sistema de gesti\u00f3 i respectant, en la mesura que es pugui, la proximitat al territori.\u201d<\/span><\/p>\n<p><span style=\"font-weight: 400;\">A l&#8217;<strong>Institut Pla Marcell<\/strong> formem part del <strong>Programa d\u2019assegurament de la qualitat<\/strong>, que t\u00e9 com a finalitat millorar els resultats educatius i la cohesi\u00f3 social en els centres educatius, aix\u00ed com garantir la confian\u00e7a dels grups d&#8217;inter\u00e8s, mitjan\u00e7ant la implantaci\u00f3 de sistemes de gesti\u00f3 de la qualitat en base a la norma <strong>ISO 9001<\/strong><\/span><\/p>\n<\/div><\/section><\/div><div  class='hr av-egp4o-9636ef02bf21350e69cb409956c122a9 hr-default  avia-builder-el-31  el_after_av_two_third  el_before_av_one_third '><span class='hr-inner '><span class=\"hr-inner-style\"><\/span><\/span><\/div><\/p>\n<div  class='flex_column av-e0iq0-cbc7d3912401a9cf383c7462d012d88f av_one_third  avia-builder-el-32  el_after_av_hr  el_before_av_two_third  first flex_column_div  '     ><style type=\"text\/css\" data-created_by=\"avia_inline_auto\" id=\"style-css-av-mddb1n7y-081b958eb42cc055eda3f01af008e84a\">\n.avia-image-container.av-mddb1n7y-081b958eb42cc055eda3f01af008e84a img.avia_image{\nbox-shadow:none;\n}\n.avia-image-container.av-mddb1n7y-081b958eb42cc055eda3f01af008e84a .av-image-caption-overlay-center{\ncolor:#ffffff;\n}\n<\/style>\n<div  class='avia-image-container av-mddb1n7y-081b958eb42cc055eda3f01af008e84a av-styling- avia-align-center  avia-builder-el-33  avia-builder-el-no-sibling '   itemprop=\"image\" itemscope=\"itemscope\" itemtype=\"https:\/\/schema.org\/ImageObject\" ><div class=\"avia-image-container-inner\"><div class=\"avia-image-overlay-wrap\"><img decoding=\"async\" fetchpriority=\"high\" class='wp-image-4659 avia-img-lazy-loading-not-4659 avia_image ' src=\"https:\/\/www.plamarcell.cat\/web\/wp-content\/uploads\/2025\/07\/ima-Projecte-Erasmusimatge.png\" alt='Institut Pla Marcell-Projecte-Erasmus' title='Erasmus'  height=\"350\" width=\"350\"  itemprop=\"thumbnailUrl\" srcset=\"https:\/\/www.plamarcell.cat\/web\/wp-content\/uploads\/2025\/07\/ima-Projecte-Erasmusimatge.png 350w, https:\/\/www.plamarcell.cat\/web\/wp-content\/uploads\/2025\/07\/ima-Projecte-Erasmusimatge-300x300.png 300w, https:\/\/www.plamarcell.cat\/web\/wp-content\/uploads\/2025\/07\/ima-Projecte-Erasmusimatge-80x80.png 80w, https:\/\/www.plamarcell.cat\/web\/wp-content\/uploads\/2025\/07\/ima-Projecte-Erasmusimatge-36x36.png 36w, https:\/\/www.plamarcell.cat\/web\/wp-content\/uploads\/2025\/07\/ima-Projecte-Erasmusimatge-180x180.png 180w\" sizes=\"(max-width: 350px) 100vw, 350px\" \/><\/div><\/div><\/div><\/div>\n<div  class='flex_column av-dhx78-58fa6bb05efa508a5b892b988f043b15 av_two_third  avia-builder-el-34  el_after_av_one_third  el_before_av_hr  flex_column_div  '     ><section  class='av_textblock_section av-mah4u7n7-8b661992a5922337c07f98fd947bb1be '   itemscope=\"itemscope\" itemtype=\"https:\/\/schema.org\/CreativeWork\" ><div class='avia_textblock'  itemprop=\"text\" ><p><span style=\"font-weight: 400;\">El nostre institut participa en el programa <strong>Erasmus+<\/strong> amb l\u2019objectiu d\u2019oferir als alumnes dels <strong>Cicles Formatius de Grau mitj\u00e0 CFGM i Grau Superior CFGS, de Serveis a la Comunitat<\/strong>, una experi\u00e8ncia formativa i personal a l&#8217;estranger. Aquesta mobilitat els permet millorar les compet\u00e8ncies professionals, la comunicaci\u00f3 en lleng\u00fces estrangeres i la seva autonomia. Alhora, el projecte enforteix la dimensi\u00f3 internacional del centre, afavoreix la innovaci\u00f3 pedag\u00f2gica i consolida vincles amb institucions europees, refor\u00e7ant aix\u00ed el prestigi i la projecci\u00f3 del nostre institut.<\/span><\/p>\n<\/div><\/section><\/div><div  class='hr av-cdqwk-eb4285d01756f6a62d9bed33fdd7ccd6 hr-default  avia-builder-el-36  el_after_av_two_third  el_before_av_one_third '><span class='hr-inner '><span class=\"hr-inner-style\"><\/span><\/span><\/div><\/p>\n<div  class='flex_column av-bkzvg-a1df1612b78562fcb195df3820cb6815 av_one_third  avia-builder-el-37  el_after_av_hr  el_before_av_two_third  first flex_column_div  '     ><style type=\"text\/css\" data-created_by=\"avia_inline_auto\" id=\"style-css-av-mah4vgpr-0708d4893170ec4a39a51d94fce91337\">\n#top .av-special-heading.av-mah4vgpr-0708d4893170ec4a39a51d94fce91337{\npadding-bottom:10px;\n}\nbody .av-special-heading.av-mah4vgpr-0708d4893170ec4a39a51d94fce91337 .av-special-heading-tag .heading-char{\nfont-size:25px;\n}\n.av-special-heading.av-mah4vgpr-0708d4893170ec4a39a51d94fce91337 .av-subheading{\nfont-size:15px;\n}\n<\/style>\n<div  class='av-special-heading av-mah4vgpr-0708d4893170ec4a39a51d94fce91337 av-special-heading-h1 blockquote modern-quote  avia-builder-el-38  avia-builder-el-no-sibling '><h1 class='av-special-heading-tag '  itemprop=\"headline\"  >Atelier<\/h1><div class=\"special-heading-border\"><div class=\"special-heading-inner-border\"><\/div><\/div><\/div><\/div>\n<div  class='flex_column av-13t8w-71ec7573f320d9b9a371c3bfc40da406 av_two_third  avia-builder-el-39  el_after_av_one_third  el_before_av_hr  flex_column_div  '     ><section  class='av_textblock_section av-mah4v9kc-0ecf71a80d41db9784ba0e0bc552f984 '   itemscope=\"itemscope\" itemtype=\"https:\/\/schema.org\/CreativeWork\" ><div class='avia_textblock'  itemprop=\"text\" ><p><span style=\"font-weight: 400;\">L\u2019<strong>Atelier<\/strong> \u00e9s un projecte que neix de la necessitat de posar en pr\u00e0ctica la filosofia de <strong>Loris Malaguzzi<\/strong>, despr\u00e9s de visitar les <strong>\u00e0rees Bambini i les escoles de Pistoia <\/strong>(It\u00e0lia). Amb alumnat de cicles formatius d\u2019educaci\u00f3 infantil, fomentem un espai d\u2019experimentaci\u00f3, creativitat i expressi\u00f3, on infants i futurs professionals comparteixen aprenentatges significatius.<\/span><\/p>\n<p><span style=\"font-weight: 400;\">L\u2019alumnat cada trimestre implementa una proposta; una relacionada amb els contes, un altre amb el pensament l\u00f2gic-matem\u00e0tic i una tercera enfocada a l\u2019experimentaci\u00f3 i\/o el joc simb\u00f2lic. Aquestes implementacions trimestrals es fan a les 5 escoles d&#8217;infantil i prim\u00e0ria i les dues escoles bressol p\u00fabliques de Cardedeu. Els tres eixos principals s\u00f3n: <strong>CREACI\u00d3 &#8211; IMPLEMENTACI\u00d3 &#8211; XARXA.<\/strong><\/span><\/p>\n<\/div><\/section><\/div><div  class='hr av-9zxv0-b01245757d6b7619f598fb094e0cfa44 hr-default  avia-builder-el-41  el_after_av_two_third  el_before_av_one_third '><span class='hr-inner '><span class=\"hr-inner-style\"><\/span><\/span><\/div><\/p>\n<div  class='flex_column av-9g1kw-a31322d2c22e6d6f828c760180c11949 av_one_third  avia-builder-el-42  el_after_av_hr  el_before_av_two_third  first flex_column_div  '     ><style type=\"text\/css\" data-created_by=\"avia_inline_auto\" id=\"style-css-av-11vyg-c804b62bfd4a6286704be69caaec3be6\">\n.avia-image-container.av-11vyg-c804b62bfd4a6286704be69caaec3be6 img.avia_image{\nbox-shadow:none;\n}\n.avia-image-container.av-11vyg-c804b62bfd4a6286704be69caaec3be6 .av-image-caption-overlay-center{\ncolor:#ffffff;\n}\n<\/style>\n<div  class='avia-image-container av-11vyg-c804b62bfd4a6286704be69caaec3be6 av-styling- avia-align-center  avia-builder-el-43  avia-builder-el-no-sibling '   itemprop=\"image\" itemscope=\"itemscope\" itemtype=\"https:\/\/schema.org\/ImageObject\" ><div class=\"avia-image-container-inner\"><div class=\"avia-image-overlay-wrap\"><img decoding=\"async\" fetchpriority=\"high\" class='wp-image-4661 avia-img-lazy-loading-not-4661 avia_image ' src=\"https:\/\/www.plamarcell.cat\/web\/wp-content\/uploads\/2025\/07\/ima-Projecte-Florence.png\" alt='Institut Pla Marcell-Projecte-Florence' title='Florence'  height=\"350\" width=\"350\"  itemprop=\"thumbnailUrl\" srcset=\"https:\/\/www.plamarcell.cat\/web\/wp-content\/uploads\/2025\/07\/ima-Projecte-Florence.png 350w, https:\/\/www.plamarcell.cat\/web\/wp-content\/uploads\/2025\/07\/ima-Projecte-Florence-300x300.png 300w, https:\/\/www.plamarcell.cat\/web\/wp-content\/uploads\/2025\/07\/ima-Projecte-Florence-80x80.png 80w, https:\/\/www.plamarcell.cat\/web\/wp-content\/uploads\/2025\/07\/ima-Projecte-Florence-36x36.png 36w, https:\/\/www.plamarcell.cat\/web\/wp-content\/uploads\/2025\/07\/ima-Projecte-Florence-180x180.png 180w\" sizes=\"(max-width: 350px) 100vw, 350px\" \/><\/div><\/div><\/div><\/div>\n<div  class='flex_column av-8t0ew-841c298637525c7e4d16f3403994d928 av_two_third  avia-builder-el-44  el_after_av_one_third  el_before_av_hr  flex_column_div  '     ><section  class='av_textblock_section av-mah4w6s6-860a81888451291b2d7403f0e660d14c '   itemscope=\"itemscope\" itemtype=\"https:\/\/schema.org\/CreativeWork\" ><div class='avia_textblock'  itemprop=\"text\" ><p><span style=\"font-weight: 400;\">El <strong>Programa Florence<\/strong> t\u00e9 com a objectiu millorar la compet\u00e8ncia matem\u00e0tica de l&#8217;alumnat mitjan\u00e7ant l&#8217;acompanyament i formaci\u00f3 d\u2019un mentor (en el nostre cas dos) de matem\u00e0tiques a tots els docents que imparteixen la mat\u00e8ria. T\u00e9 una durada de 3 cursos, comen\u00e7ant per aquest 2024-2025, i als centres de secund\u00e0ria treballem agrupant instituts del mateix territori fora de l&#8217;horari lectiu.<\/span><\/p>\n<p><span style=\"font-weight: 400;\">Cada curs ens dediquem a treballar algun dels grans blocs de continguts, enguany hem comen\u00e7at pel sentit estoc\u00e0stic (probabilitat, estad\u00edstica i combinat\u00f2ria).\u00a0<\/span><\/p>\n<ul>\n<li><span style=\"font-weight: 400;\">Al primer trimestre hem treballat i preparat noves eines i estrat\u00e8gies, metodologies i activitats.<\/span><\/li>\n<li><span style=\"font-weight: 400;\">Al segon hem fet un treball sobre el desplegament del nou curr\u00edculum.<\/span><\/li>\n<li><span style=\"font-weight: 400;\">Al tercer, l&#8217;activitat est\u00e0 basada en la metodologia Lesson Study. Dissenyarem conjuntament una sessi\u00f3 de classe sobre resoluci\u00f3 de problemes. Un dels docents del grup la dur\u00e0 a l\u2019aula, en farem observaci\u00f3 i analitzarem plegats el que hem vist i farem propostes de millora, que incorporarem a la nostra pr\u00e0ctica.<\/span><\/li>\n<\/ul>\n<\/div><\/section><\/div><div  class='hr av-7dzj4-4ceafb563a765b9ef97fecfdfe1bb4b5 hr-default  avia-builder-el-46  el_after_av_two_third  el_before_av_one_third '><span class='hr-inner '><span class=\"hr-inner-style\"><\/span><\/span><\/div><\/p>\n<div  class='flex_column av-6pv38-da53b6f19519761af27203a59bf03700 av_one_third  avia-builder-el-47  el_after_av_hr  el_before_av_two_third  first flex_column_div  '     ><style type=\"text\/css\" data-created_by=\"avia_inline_auto\" id=\"style-css-av-mah4xcko-563fe5a6be8f6d5253fd9f5b8acbdbe4\">\n#top .av-special-heading.av-mah4xcko-563fe5a6be8f6d5253fd9f5b8acbdbe4{\npadding-bottom:10px;\n}\nbody .av-special-heading.av-mah4xcko-563fe5a6be8f6d5253fd9f5b8acbdbe4 .av-special-heading-tag .heading-char{\nfont-size:25px;\n}\n.av-special-heading.av-mah4xcko-563fe5a6be8f6d5253fd9f5b8acbdbe4 .av-subheading{\nfont-size:15px;\n}\n<\/style>\n<div  class='av-special-heading av-mah4xcko-563fe5a6be8f6d5253fd9f5b8acbdbe4 av-special-heading-h1 blockquote modern-quote  avia-builder-el-48  avia-builder-el-no-sibling '><h1 class='av-special-heading-tag '  itemprop=\"headline\"  >MUFPS &#8211; SENSEI. Formem i acompanyem docents per transformar l\u2019educaci\u00f3 des de la pr\u00e0ctica i la reflexi\u00f3.<\/h1><div class=\"special-heading-border\"><div class=\"special-heading-inner-border\"><\/div><\/div><\/div><\/div>\n<div  class='flex_column av-66ik8-40f2db9ed508f025d3b55c093c075811 av_two_third  avia-builder-el-49  el_after_av_one_third  el_before_av_hr  flex_column_div  '     ><section  class='av_textblock_section av-mah4x6xd-7d7595d88ffba00108df1859dfd9c9cf '   itemscope=\"itemscope\" itemtype=\"https:\/\/schema.org\/CreativeWork\" ><div class='avia_textblock'  itemprop=\"text\" ><p><span style=\"font-weight: 400;\">El <strong>Pla Marcell<\/strong> \u00e9s un centre amb una clara voluntat de contribuir a la professionalitzaci\u00f3 de la doc\u00e8ncia. \u00c9s per aix\u00f2 que des dels inicis formem part de la Xarxa de Centres Formadors autoritzats pel Departament d\u2019Educaci\u00f3 i participem en el <\/span><b>Programa d\u2019Innovaci\u00f3 Pedag\u00f2gica de Pr\u00e0ctiques del M\u00e0ster Universitari de Formaci\u00f3 del Professorat de Secund\u00e0ria (MUFPS)<\/b><span style=\"font-weight: 400;\">. A m\u00e9s, des del curs 2023-2024, som tamb\u00e9 <\/span><b>Centre Sensei.<\/b><span style=\"font-weight: 400;\"> Tots dos programes comparteixen una mateixa filosofia: oferir un entorn real d&#8217;aprenentatge, basat en l&#8217;acompanyament, la reflexi\u00f3, la codoc\u00e8ncia i el feedback constant. Amb el MUFPS, oferim als estudiants universitaris l\u2019oportunitat de participar activament en totes les dimensions de l\u2019acci\u00f3 educativa, mentre que amb el programa SENSEI donem suport als docents novells en el seu primer any d\u2019exercici, a trav\u00e9s d&#8217;un proc\u00e9s estructurat de mentoria. Entenem que aquests programes no nom\u00e9s reforcen la formaci\u00f3 inicial i la iniciaci\u00f3 professional, sin\u00f3 que tamb\u00e9 enriqueixen la cultura pedag\u00f2gica del centre, fomenten el treball en equip i contribueixen a la construcci\u00f3 d\u2019un professorat reflexiu, comprom\u00e8s i capa\u00e7 d&#8217;impulsar la millora cont\u00ednua tant dins l\u2019aula com en el conjunt de l\u2019organitzaci\u00f3 educativa.\u00a0<\/span><\/p>\n<\/div><\/section><\/div><div  class='hr av-513cw-6e2fdc1b9d70aed170ae5c45bb24c32b hr-default  avia-builder-el-51  el_after_av_two_third  el_before_av_one_third '><span class='hr-inner '><span class=\"hr-inner-style\"><\/span><\/span><\/div><\/p>\n<div  class='flex_column av-4n5tc-3cbcdd95305120be90309083b0088a6b av_one_third  avia-builder-el-52  el_after_av_hr  el_before_av_two_third  first flex_column_div  '     ><style type=\"text\/css\" data-created_by=\"avia_inline_auto\" id=\"style-css-av-mddb24rh-a64764f17e322afdccf6f76c1f2015a5\">\n.avia-image-container.av-mddb24rh-a64764f17e322afdccf6f76c1f2015a5 img.avia_image{\nbox-shadow:none;\n}\n.avia-image-container.av-mddb24rh-a64764f17e322afdccf6f76c1f2015a5 .av-image-caption-overlay-center{\ncolor:#ffffff;\n}\n<\/style>\n<div  class='avia-image-container av-mddb24rh-a64764f17e322afdccf6f76c1f2015a5 av-styling- avia-align-center  avia-builder-el-53  avia-builder-el-no-sibling '   itemprop=\"image\" itemscope=\"itemscope\" itemtype=\"https:\/\/schema.org\/ImageObject\" ><div class=\"avia-image-container-inner\"><div class=\"avia-image-overlay-wrap\"><img decoding=\"async\" fetchpriority=\"high\" class='wp-image-4664 avia-img-lazy-loading-not-4664 avia_image ' src=\"https:\/\/www.plamarcell.cat\/web\/wp-content\/uploads\/2025\/07\/ima-Projecte-Tenim-la-paraula.jpg\" alt='Institut Pla Marcell - Projecte-Tenim la paraula' title='Tenim la paraula'  height=\"350\" width=\"350\"  itemprop=\"thumbnailUrl\" srcset=\"https:\/\/www.plamarcell.cat\/web\/wp-content\/uploads\/2025\/07\/ima-Projecte-Tenim-la-paraula.jpg 350w, https:\/\/www.plamarcell.cat\/web\/wp-content\/uploads\/2025\/07\/ima-Projecte-Tenim-la-paraula-300x300.jpg 300w, https:\/\/www.plamarcell.cat\/web\/wp-content\/uploads\/2025\/07\/ima-Projecte-Tenim-la-paraula-80x80.jpg 80w, https:\/\/www.plamarcell.cat\/web\/wp-content\/uploads\/2025\/07\/ima-Projecte-Tenim-la-paraula-36x36.jpg 36w, https:\/\/www.plamarcell.cat\/web\/wp-content\/uploads\/2025\/07\/ima-Projecte-Tenim-la-paraula-180x180.jpg 180w\" sizes=\"(max-width: 350px) 100vw, 350px\" \/><\/div><\/div><\/div><\/div>\n<div  class='flex_column av-3xupc-d991f2eebb1a43bc80ebae7bc7d82ccd av_two_third  avia-builder-el-54  el_after_av_one_third  el_before_av_hr  flex_column_div  '     ><section  class='av_textblock_section av-mah4yomn-08f4485b99dc85bfa94145e398b5997a '   itemscope=\"itemscope\" itemtype=\"https:\/\/schema.org\/CreativeWork\" ><div class='avia_textblock'  itemprop=\"text\" ><p><span style=\"font-weight: 400;\">El programa <\/span><b>Tenim la paraula <\/b><span style=\"font-weight: 400;\">t\u00e9 la finalitat de millorar les habilitats comunicatives orals de l\u2019alumnat perqu\u00e8 pugui expressar pensaments, sentiments, emocions i viv\u00e8ncies, i participar activament a la societat.<\/span><\/p>\n<p><span style=\"font-weight: 400;\">Els objectius principals s\u00f3n:<\/span><\/p>\n<ul>\n<li><span style=\"font-weight: 400;\"> Potenciar la funci\u00f3 socialitzadora de la llengua oral: expressar sentiments i actituds, exposar idees o projectes, defensar i argumentar opinions, construir i compartir coneixement.<\/span><\/li>\n<li><span style=\"font-weight: 400;\"> Construir unes bones relacions personals i socials: gestionar conflictes, prevenir viol\u00e8ncies, respectar la difer\u00e8ncia i garantir la conviv\u00e8ncia.<\/span><\/li>\n<li><span style=\"font-weight: 400;\"> Desenvolupar les habilitats pr\u00f2pies de l\u2019expressi\u00f3 oral: flu\u00efdesa, pronunciaci\u00f3, adequaci\u00f3 al registre\u2026<\/span><\/li>\n<\/ul>\n<p><span style=\"font-weight: 400;\">El programa es desplega i desenvolupa en cinc l\u00ednies estrat\u00e8giques:<\/span><\/p>\n<ol>\n<li><span style=\"font-weight: 400;\"> Marc te\u00f2ric.<\/span><\/li>\n<li><span style=\"font-weight: 400;\"> Formaci\u00f3 del professorat.<\/span><\/li>\n<li><span style=\"font-weight: 400;\"> Sistematitzaci\u00f3 de l&#8217;expressi\u00f3 oral en activitats acad\u00e8miques.<\/span><\/li>\n<li><span style=\"font-weight: 400;\"> Avaluaci\u00f3 de la llengua oral.<\/span><\/li>\n<li><span style=\"font-weight: 400;\"> Activitats orals a l&#8217;entorn.<\/span><\/li>\n<\/ol>\n<\/div><\/section><\/div><div  class='hr av-2xn5k-371ae2283988d2f9adeeb95b13e05484 hr-default  avia-builder-el-56  el_after_av_two_third  el_before_av_one_third '><span class='hr-inner '><span class=\"hr-inner-style\"><\/span><\/span><\/div><\/p>\n<div  class='flex_column av-1yvdo-46d300e4b26e31c44a0b8303b7aaba56 av_one_third  avia-builder-el-57  el_after_av_hr  el_before_av_two_third  first flex_column_div  '     ><style type=\"text\/css\" data-created_by=\"avia_inline_auto\" id=\"style-css-av-mddb2h8v-c37a2ecaa8324735c361128cfa49582b\">\n.avia-image-container.av-mddb2h8v-c37a2ecaa8324735c361128cfa49582b img.avia_image{\nbox-shadow:none;\n}\n.avia-image-container.av-mddb2h8v-c37a2ecaa8324735c361128cfa49582b .av-image-caption-overlay-center{\ncolor:#ffffff;\n}\n<\/style>\n<div  class='avia-image-container av-mddb2h8v-c37a2ecaa8324735c361128cfa49582b av-styling- avia-align-center  avia-builder-el-58  avia-builder-el-no-sibling '   itemprop=\"image\" itemscope=\"itemscope\" itemtype=\"https:\/\/schema.org\/ImageObject\" ><div class=\"avia-image-container-inner\"><div class=\"avia-image-overlay-wrap\"><img decoding=\"async\" fetchpriority=\"high\" class='wp-image-4665 avia-img-lazy-loading-not-4665 avia_image ' src=\"https:\/\/www.plamarcell.cat\/web\/wp-content\/uploads\/2025\/07\/ima-Projecte-ULAE.webp\" alt='Institut Pla Marcell-Projecte-ULAE' title='ULAE'  height=\"350\" width=\"350\"  itemprop=\"thumbnailUrl\" srcset=\"https:\/\/www.plamarcell.cat\/web\/wp-content\/uploads\/2025\/07\/ima-Projecte-ULAE.webp 350w, https:\/\/www.plamarcell.cat\/web\/wp-content\/uploads\/2025\/07\/ima-Projecte-ULAE-300x300.webp 300w, https:\/\/www.plamarcell.cat\/web\/wp-content\/uploads\/2025\/07\/ima-Projecte-ULAE-80x80.webp 80w, https:\/\/www.plamarcell.cat\/web\/wp-content\/uploads\/2025\/07\/ima-Projecte-ULAE-36x36.webp 36w, https:\/\/www.plamarcell.cat\/web\/wp-content\/uploads\/2025\/07\/ima-Projecte-ULAE-180x180.webp 180w\" sizes=\"(max-width: 350px) 100vw, 350px\" \/><\/div><\/div><\/div><\/div>\n<div  class='flex_column av-1h1y0-a4cf5636da024fbcd2bfaa7fd5ec21ba av_two_third  avia-builder-el-59  el_after_av_one_third  avia-builder-el-last  flex_column_div  '     ><section  class='av_textblock_section av-mah4zntz-be0d08b54f7a0b7888777d9e625e8955 '   itemscope=\"itemscope\" itemtype=\"https:\/\/schema.org\/CreativeWork\" ><div class='avia_textblock'  itemprop=\"text\" ><p><span style=\"font-weight: 400;\">L&#8217;\u00fas del catal\u00e0 com a llengua d\u2019aprenentatge i vehicular dels sistema educatiu catal\u00e0 ha retrocedit en els \u00faltims anys en molts centres educatius de Catalunya. Aix\u00ed ho evidencien les dades de l\u2019Estudi sociodemogr\u00e0fic i ling\u00fc\u00edstic de l&#8217;alumnat de 4t d\u2019ESO de Catalunya (2006-2013-2021), que assenyalen una davallada preocupant en l\u2019\u00fas del catal\u00e0 com a llengua de relaci\u00f3 dins i fora de les aules.<\/span><\/p>\n<p><span style=\"font-weight: 400;\">Una de les actuacions en el desplegament del <strong>Pla de promoci\u00f3 de l&#8217;\u00fas de la llengua catalana als centres educatius 2023-2028<\/strong> \u00e9s el taller de sensibilitzaci\u00f3 <strong>ULAE \u2013 \u201cEls usos ling\u00fc\u00edstics en l&#8217;\u00e0mbit educatiu\u201d<\/strong>. Es tracta d\u2019un taller de sensibilitzaci\u00f3 que t\u00e9 com a objectiu proporcionar eines per millorar la gesti\u00f3 de la diversitat ling\u00fc\u00edstica en els centres educatius i incentivar l&#8217;aprenentatge i l&#8217;\u00fas del catal\u00e0 com un valor d\u2019enriquiment compartit.<\/span><\/p>\n<\/div><\/section><\/div>\n","protected":false},"excerpt":{"rendered":"","protected":false},"author":1,"featured_media":0,"parent":0,"menu_order":19,"comment_status":"closed","ping_status":"closed","template":"","meta":{"footnotes":""},"class_list":["post-88","page","type-page","status-publish","hentry"],"yoast_head":"<!-- This site is optimized with the Yoast SEO plugin v27.4 - https:\/\/yoast.com\/product\/yoast-seo-wordpress\/ -->\n<title>Projectes d&#039;innovaci\u00f3 - Institut Pla Marcell<\/title>\n<meta name=\"robots\" content=\"index, follow, max-snippet:-1, max-image-preview:large, max-video-preview:-1\" \/>\n<link rel=\"canonical\" href=\"https:\/\/www.plamarcell.cat\/web\/projectes-dinnovacio\/\" \/>\n<meta property=\"og:locale\" content=\"ca_ES\" \/>\n<meta property=\"og:type\" content=\"article\" \/>\n<meta property=\"og:title\" content=\"Projectes d&#039;innovaci\u00f3 - Institut Pla Marcell\" \/>\n<meta property=\"og:url\" content=\"https:\/\/www.plamarcell.cat\/web\/projectes-dinnovacio\/\" \/>\n<meta property=\"og:site_name\" content=\"Institut Pla Marcell\" \/>\n<meta property=\"article:modified_time\" content=\"2026-04-22T17:47:04+00:00\" \/>\n<meta name=\"twitter:card\" content=\"summary_large_image\" \/>\n<meta name=\"twitter:label1\" content=\"Temps estimat de lectura\" \/>\n\t<meta name=\"twitter:data1\" content=\"10 minuts\" \/>\n<script type=\"application\/ld+json\" class=\"yoast-schema-graph\">{\"@context\":\"https:\\\/\\\/schema.org\",\"@graph\":[{\"@type\":\"WebPage\",\"@id\":\"https:\\\/\\\/www.plamarcell.cat\\\/web\\\/projectes-dinnovacio\\\/\",\"url\":\"https:\\\/\\\/www.plamarcell.cat\\\/web\\\/projectes-dinnovacio\\\/\",\"name\":\"Projectes d'innovaci\u00f3 - Institut Pla Marcell\",\"isPartOf\":{\"@id\":\"https:\\\/\\\/www.plamarcell.cat\\\/web\\\/#website\"},\"datePublished\":\"2025-02-12T16:35:04+00:00\",\"dateModified\":\"2026-04-22T17:47:04+00:00\",\"breadcrumb\":{\"@id\":\"https:\\\/\\\/www.plamarcell.cat\\\/web\\\/projectes-dinnovacio\\\/#breadcrumb\"},\"inLanguage\":\"ca\",\"potentialAction\":[{\"@type\":\"ReadAction\",\"target\":[\"https:\\\/\\\/www.plamarcell.cat\\\/web\\\/projectes-dinnovacio\\\/\"]}]},{\"@type\":\"BreadcrumbList\",\"@id\":\"https:\\\/\\\/www.plamarcell.cat\\\/web\\\/projectes-dinnovacio\\\/#breadcrumb\",\"itemListElement\":[{\"@type\":\"ListItem\",\"position\":1,\"name\":\"Inici\",\"item\":\"https:\\\/\\\/www.plamarcell.cat\\\/web\\\/\"},{\"@type\":\"ListItem\",\"position\":2,\"name\":\"Projectes d&#8217;innovaci\u00f3\"}]},{\"@type\":\"WebSite\",\"@id\":\"https:\\\/\\\/www.plamarcell.cat\\\/web\\\/#website\",\"url\":\"https:\\\/\\\/www.plamarcell.cat\\\/web\\\/\",\"name\":\"Institut Pla Marcell\",\"description\":\"Decidir, conviure i aprendre\",\"publisher\":{\"@id\":\"https:\\\/\\\/www.plamarcell.cat\\\/web\\\/#organization\"},\"potentialAction\":[{\"@type\":\"SearchAction\",\"target\":{\"@type\":\"EntryPoint\",\"urlTemplate\":\"https:\\\/\\\/www.plamarcell.cat\\\/web\\\/?s={search_term_string}\"},\"query-input\":{\"@type\":\"PropertyValueSpecification\",\"valueRequired\":true,\"valueName\":\"search_term_string\"}}],\"inLanguage\":\"ca\"},{\"@type\":\"Organization\",\"@id\":\"https:\\\/\\\/www.plamarcell.cat\\\/web\\\/#organization\",\"name\":\"Institut Pla Marcell\",\"url\":\"https:\\\/\\\/www.plamarcell.cat\\\/web\\\/\",\"logo\":{\"@type\":\"ImageObject\",\"inLanguage\":\"ca\",\"@id\":\"https:\\\/\\\/www.plamarcell.cat\\\/web\\\/#\\\/schema\\\/logo\\\/image\\\/\",\"url\":\"https:\\\/\\\/www.plamarcell.cat\\\/web\\\/wp-content\\\/uploads\\\/2025\\\/03\\\/ima-Logo-header-1.png\",\"contentUrl\":\"https:\\\/\\\/www.plamarcell.cat\\\/web\\\/wp-content\\\/uploads\\\/2025\\\/03\\\/ima-Logo-header-1.png\",\"width\":1200,\"height\":700,\"caption\":\"Institut Pla Marcell\"},\"image\":{\"@id\":\"https:\\\/\\\/www.plamarcell.cat\\\/web\\\/#\\\/schema\\\/logo\\\/image\\\/\"},\"sameAs\":[\"https:\\\/\\\/www.instagram.com\\\/pla.marcell\\\/\"]}]}<\/script>\n<!-- \/ Yoast SEO plugin. -->","yoast_head_json":{"title":"Projectes d'innovaci\u00f3 - Institut Pla Marcell","robots":{"index":"index","follow":"follow","max-snippet":"max-snippet:-1","max-image-preview":"max-image-preview:large","max-video-preview":"max-video-preview:-1"},"canonical":"https:\/\/www.plamarcell.cat\/web\/projectes-dinnovacio\/","og_locale":"ca_ES","og_type":"article","og_title":"Projectes d'innovaci\u00f3 - Institut Pla Marcell","og_url":"https:\/\/www.plamarcell.cat\/web\/projectes-dinnovacio\/","og_site_name":"Institut Pla Marcell","article_modified_time":"2026-04-22T17:47:04+00:00","twitter_card":"summary_large_image","twitter_misc":{"Temps estimat de lectura":"10 minuts"},"schema":{"@context":"https:\/\/schema.org","@graph":[{"@type":"WebPage","@id":"https:\/\/www.plamarcell.cat\/web\/projectes-dinnovacio\/","url":"https:\/\/www.plamarcell.cat\/web\/projectes-dinnovacio\/","name":"Projectes d'innovaci\u00f3 - Institut Pla Marcell","isPartOf":{"@id":"https:\/\/www.plamarcell.cat\/web\/#website"},"datePublished":"2025-02-12T16:35:04+00:00","dateModified":"2026-04-22T17:47:04+00:00","breadcrumb":{"@id":"https:\/\/www.plamarcell.cat\/web\/projectes-dinnovacio\/#breadcrumb"},"inLanguage":"ca","potentialAction":[{"@type":"ReadAction","target":["https:\/\/www.plamarcell.cat\/web\/projectes-dinnovacio\/"]}]},{"@type":"BreadcrumbList","@id":"https:\/\/www.plamarcell.cat\/web\/projectes-dinnovacio\/#breadcrumb","itemListElement":[{"@type":"ListItem","position":1,"name":"Inici","item":"https:\/\/www.plamarcell.cat\/web\/"},{"@type":"ListItem","position":2,"name":"Projectes d&#8217;innovaci\u00f3"}]},{"@type":"WebSite","@id":"https:\/\/www.plamarcell.cat\/web\/#website","url":"https:\/\/www.plamarcell.cat\/web\/","name":"Institut Pla Marcell","description":"Decidir, conviure i aprendre","publisher":{"@id":"https:\/\/www.plamarcell.cat\/web\/#organization"},"potentialAction":[{"@type":"SearchAction","target":{"@type":"EntryPoint","urlTemplate":"https:\/\/www.plamarcell.cat\/web\/?s={search_term_string}"},"query-input":{"@type":"PropertyValueSpecification","valueRequired":true,"valueName":"search_term_string"}}],"inLanguage":"ca"},{"@type":"Organization","@id":"https:\/\/www.plamarcell.cat\/web\/#organization","name":"Institut Pla Marcell","url":"https:\/\/www.plamarcell.cat\/web\/","logo":{"@type":"ImageObject","inLanguage":"ca","@id":"https:\/\/www.plamarcell.cat\/web\/#\/schema\/logo\/image\/","url":"https:\/\/www.plamarcell.cat\/web\/wp-content\/uploads\/2025\/03\/ima-Logo-header-1.png","contentUrl":"https:\/\/www.plamarcell.cat\/web\/wp-content\/uploads\/2025\/03\/ima-Logo-header-1.png","width":1200,"height":700,"caption":"Institut Pla Marcell"},"image":{"@id":"https:\/\/www.plamarcell.cat\/web\/#\/schema\/logo\/image\/"},"sameAs":["https:\/\/www.instagram.com\/pla.marcell\/"]}]}},"_links":{"self":[{"href":"https:\/\/www.plamarcell.cat\/web\/wp-json\/wp\/v2\/pages\/88","targetHints":{"allow":["GET"]}}],"collection":[{"href":"https:\/\/www.plamarcell.cat\/web\/wp-json\/wp\/v2\/pages"}],"about":[{"href":"https:\/\/www.plamarcell.cat\/web\/wp-json\/wp\/v2\/types\/page"}],"author":[{"embeddable":true,"href":"https:\/\/www.plamarcell.cat\/web\/wp-json\/wp\/v2\/users\/1"}],"replies":[{"embeddable":true,"href":"https:\/\/www.plamarcell.cat\/web\/wp-json\/wp\/v2\/comments?post=88"}],"version-history":[{"count":39,"href":"https:\/\/www.plamarcell.cat\/web\/wp-json\/wp\/v2\/pages\/88\/revisions"}],"predecessor-version":[{"id":5351,"href":"https:\/\/www.plamarcell.cat\/web\/wp-json\/wp\/v2\/pages\/88\/revisions\/5351"}],"wp:attachment":[{"href":"https:\/\/www.plamarcell.cat\/web\/wp-json\/wp\/v2\/media?parent=88"}],"curies":[{"name":"wp","href":"https:\/\/api.w.org\/{rel}","templated":true}]}}