{"id":93,"date":"2025-02-12T17:41:17","date_gmt":"2025-02-12T16:41:17","guid":{"rendered":"https:\/\/www.plamarcell.cat\/web\/?page_id=93"},"modified":"2026-04-22T19:47:11","modified_gmt":"2026-04-22T17:47:11","slug":"actualitat","status":"publish","type":"page","link":"https:\/\/www.plamarcell.cat\/web\/actualitat\/","title":{"rendered":"Actualitat"},"content":{"rendered":"<div id='av_section_1'  class='avia-section av-3py1-9392220f7a9e245aa603f35a4bee38d4 main_color avia-section-default avia-no-border-styling  avia-builder-el-0  avia-builder-el-no-sibling  avia-bg-style-scroll container_wrap fullsize'  ><div class='container av-section-cont-open' ><main  role=\"main\" itemprop=\"mainContentOfPage\"  class='template-page content  av-content-full alpha units'><div class='post-entry post-entry-type-page post-entry-93'><div class='entry-content-wrapper clearfix'>\n\n<style type=\"text\/css\" data-created_by=\"avia_inline_auto\" id=\"style-css-av-m8x7fexv-43f7c737c1934be71b55c50645641bb0\">\n#top .av-masonry.av-m8x7fexv-43f7c737c1934be71b55c50645641bb0{\nbackground-color:#ffffff;\n}\n<\/style>\n<div id='av-masonry-1' class='av-masonry av-m8x7fexv-43f7c737c1934be71b55c50645641bb0 noHover av-fixed-size av-large-gap av-hover-overlay-active av-masonry-animation-active av-masonry-col-3 av-caption-always av-caption-style-overlay av-masonry-entries ' data-post_id=\"93\"><div class='av-masonry-sort main_color av-sort-yes' data-masonry-id='1' ><div class='av-sort-by-term  ' data-av-allowed-sort='[\"cicles-formatius_sort\",\"eso_sort\",\"ife_sort\"]' ><a href=\"#\" data-filter=\"all_sort\" class=\"all_sort_button active_sort\"><span class=\"inner_sort_button\"><span>Veure tot<\/span><small class=\"avia-term-count\"> 23 <\/small><\/span><\/a><span class='text-sep cicles-formatius_sort_sep avia_show_sort'>\/<\/span><a href=\"#\" data-filter=\"cicles-formatius_sort\" class=\"cicles-formatius_sort_button avia_show_sort\" ><span class=\"inner_sort_button\"><span>Cicles Formatius<\/span><small class='avia-term-count'> 7 <\/small><\/span><\/a><span class='text-sep eso_sort_sep avia_show_sort'>\/<\/span><a href=\"#\" data-filter=\"eso_sort\" class=\"eso_sort_button avia_show_sort\" ><span class=\"inner_sort_button\"><span>ESO<\/span><small class='avia-term-count'> 15 <\/small><\/span><\/a><span class='text-sep ife_sort_sep avia_show_sort'>\/<\/span><a href=\"#\" data-filter=\"ife_sort\" class=\"ife_sort_button avia_show_sort\" ><span class=\"inner_sort_button\"><span>IFE<\/span><small class='avia-term-count'> 1 <\/small><\/span><\/a><span class='text-sep pagina-dinici_sort_sep avia_hide_sort'>\/<\/span><a href=\"#\" data-filter=\"pagina-dinici_sort\" class=\"pagina-dinici_sort_button avia_hide_sort\" ><span class=\"inner_sort_button\"><span>P\u00e0gina d&#039;inici<\/span><small class='avia-term-count'> 0 <\/small><\/span><\/a><span class='text-sep pagina-de-secretaria_sort_sep avia_hide_sort'>\/<\/span><a href=\"#\" data-filter=\"pagina-de-secretaria_sort\" class=\"pagina-de-secretaria_sort_button avia_hide_sort\" ><span class=\"inner_sort_button\"><span>P\u00e0gina de secretaria<\/span><small class='avia-term-count'> 0 <\/small><\/span><\/a><span class='text-sep sin-categoria_sort_sep avia_hide_sort'>\/<\/span><a href=\"#\" data-filter=\"sin-categoria_sort\" class=\"sin-categoria_sort_button avia_hide_sort\" ><span class=\"inner_sort_button\"><span>Sin categor\u00eda<\/span><small class='avia-term-count'> 0 <\/small><\/span><\/a><\/div><\/div><div class=\"av-masonry-container isotope av-js-disabled\"><div class='av-masonry-entry isotope-item av-masonry-item-no-image all_sort cicles-formatius_sort  pagina-dinici_sort  eso_sort  ife_sort  sin-categoria_sort  pagina-de-secretaria_sort '><\/div><a href=\"https:\/\/www.plamarcell.cat\/web\/pais-basc\/\"  id='av-masonry-1-item-5828' data-av-masonry-item='5828' class='av-masonry-entry isotope-item post-5828 post type-post status-publish format-standard has-post-thumbnail hentry category-cicles-formatius category-pagina-dinici tag-cicles-formatius tag-educacio-infantil all_sort cicles-formatius_sort  pagina-dinici_sort  av-masonry-item-with-image' title=\"IMG_1922 2\"   itemscope=\"itemscope\" itemtype=\"https:\/\/schema.org\/CreativeWork\" ><div class='av-inner-masonry-sizer'><\/div><figure class='av-inner-masonry main_color'><div class=\"av-masonry-outerimage-container\"><div class='av-masonry-image-container' style=\"background-image: url(https:\/\/www.plamarcell.cat\/web\/wp-content\/uploads\/2026\/04\/IMG_1922-2-705x529.jpg);\"  title=\"IMG_1922 2\" ><\/div><\/div><figcaption class='av-inner-masonry-content site-background'><div class='av-inner-masonry-content-pos'><div class='av-inner-masonry-content-pos-content'><div class='avia-arrow'><\/div><h3 class='av-masonry-entry-title entry-title '  itemprop=\"headline\" >Pa\u00eds Basc<\/h3><span class='av-masonry-date meta-color updated'>23 d'abril de 2026<\/span><span class=\"av-masonry-text-sep text-sep-author\">\/<\/span><span class='av-masonry-author meta-color author'><span class='fn'>by f1c2b02a1225<\/span><\/span><\/div><\/div><\/figcaption><\/figure><\/a><!--end av-masonry entry--><a href=\"https:\/\/www.plamarcell.cat\/web\/setmana-de-les-lletres-i-les-arts-2025-26-un-viatge-al-mon-dels-essers-fantastics\/\"  id='av-masonry-1-item-5804' data-av-masonry-item='5804' class='av-masonry-entry isotope-item post-5804 post type-post status-publish format-standard has-post-thumbnail hentry category-eso category-pagina-dinici tag-eso tag-sant-jordi tag-setmana-de-les-lletres-i-les-arts all_sort eso_sort  pagina-dinici_sort  av-masonry-item-with-image' title=\"SETMANA\"   itemscope=\"itemscope\" itemtype=\"https:\/\/schema.org\/CreativeWork\" ><div class='av-inner-masonry-sizer'><\/div><figure class='av-inner-masonry main_color'><div class=\"av-masonry-outerimage-container\"><div class='av-masonry-image-container' style=\"background-image: url(https:\/\/www.plamarcell.cat\/web\/wp-content\/uploads\/2026\/04\/SETMANA-705x269.png);\"  title=\"SETMANA\" ><\/div><\/div><figcaption class='av-inner-masonry-content site-background'><div class='av-inner-masonry-content-pos'><div class='av-inner-masonry-content-pos-content'><div class='avia-arrow'><\/div><h3 class='av-masonry-entry-title entry-title '  itemprop=\"headline\" >Arriba la Setmana de les Lletres i les Arts 2025-26: Un viatge al m\u00f3n dels \u00e9ssers fant\u00e0stics<\/h3><span class='av-masonry-date meta-color updated'>8 d'abril de 2026<\/span><span class=\"av-masonry-text-sep text-sep-author\">\/<\/span><span class='av-masonry-author meta-color author'><span class='fn'>by f1c2b02a1225<\/span><\/span><\/div><\/div><\/figcaption><\/figure><\/a><!--end av-masonry entry--><a href=\"https:\/\/www.plamarcell.cat\/web\/gent-gran-gent-activa\/\"  id='av-masonry-1-item-5637' data-av-masonry-item='5637' class='av-masonry-entry isotope-item post-5637 post type-post status-publish format-standard has-post-thumbnail hentry category-cicles-formatius category-pagina-dinici tag-apsd tag-cicles-formatius all_sort cicles-formatius_sort  pagina-dinici_sort  av-masonry-item-with-image' title=\"Gent gran gent activa\"   itemscope=\"itemscope\" itemtype=\"https:\/\/schema.org\/CreativeWork\" ><div class='av-inner-masonry-sizer'><\/div><figure class='av-inner-masonry main_color'><div class=\"av-masonry-outerimage-container\"><div class='av-masonry-image-container' style=\"background-image: url(https:\/\/www.plamarcell.cat\/web\/wp-content\/uploads\/2026\/03\/Gent-gran-gent-activa-705x529.jpg);\"  title=\"Gent gran gent activa\" ><\/div><\/div><figcaption class='av-inner-masonry-content site-background'><div class='av-inner-masonry-content-pos'><div class='av-inner-masonry-content-pos-content'><div class='avia-arrow'><\/div><h3 class='av-masonry-entry-title entry-title '  itemprop=\"headline\" >Gent Gran Gent Activa<\/h3><span class='av-masonry-date meta-color updated'>26 de mar\u00e7 de 2026<\/span><span class=\"av-masonry-text-sep text-sep-author\">\/<\/span><span class='av-masonry-author meta-color author'><span class='fn'>by f1c2b02a1225<\/span><\/span><\/div><\/div><\/figcaption><\/figure><\/a><!--end av-masonry entry--><a href=\"https:\/\/www.plamarcell.cat\/web\/el-projecte-freia\/\"  id='av-masonry-1-item-5620' data-av-masonry-item='5620' class='av-masonry-entry isotope-item post-5620 post type-post status-publish format-standard has-post-thumbnail hentry category-ife category-pagina-dinici tag-freia tag-ife all_sort ife_sort  pagina-dinici_sort  av-masonry-item-with-image' title=\"IFE\"   itemscope=\"itemscope\" itemtype=\"https:\/\/schema.org\/CreativeWork\" ><div class='av-inner-masonry-sizer'><\/div><figure class='av-inner-masonry main_color'><div class=\"av-masonry-outerimage-container\"><div class='av-masonry-image-container' style=\"background-image: url(https:\/\/www.plamarcell.cat\/web\/wp-content\/uploads\/2026\/03\/image-1-705x530.png);\"  title=\"IFE\" ><\/div><\/div><figcaption class='av-inner-masonry-content site-background'><div class='av-inner-masonry-content-pos'><div class='av-inner-masonry-content-pos-content'><div class='avia-arrow'><\/div><h3 class='av-masonry-entry-title entry-title '  itemprop=\"headline\" >EL PROJECTE FREIA<\/h3><span class='av-masonry-date meta-color updated'>18 de mar\u00e7 de 2026<\/span><span class=\"av-masonry-text-sep text-sep-author\">\/<\/span><span class='av-masonry-author meta-color author'><span class='fn'>by f1c2b02a1225<\/span><\/span><\/div><\/div><\/figcaption><\/figure><\/a><!--end av-masonry entry--><a href=\"https:\/\/www.plamarcell.cat\/web\/viatge-pistoia\/\"  id='av-masonry-1-item-5561' data-av-masonry-item='5561' class='av-masonry-entry isotope-item post-5561 post type-post status-publish format-standard has-post-thumbnail hentry category-cicles-formatius category-pagina-dinici tag-cicles-formatius tag-educacio-infantil all_sort cicles-formatius_sort  pagina-dinici_sort  av-masonry-item-with-image' title=\"IMG_1611 2\"   itemscope=\"itemscope\" itemtype=\"https:\/\/schema.org\/CreativeWork\" ><div class='av-inner-masonry-sizer'><\/div><figure class='av-inner-masonry main_color'><div class=\"av-masonry-outerimage-container\"><div class='av-masonry-image-container' style=\"background-image: url(https:\/\/www.plamarcell.cat\/web\/wp-content\/uploads\/2026\/03\/IMG_1611-2-705x529.jpg);\"  title=\"IMG_1611 2\" ><\/div><\/div><figcaption class='av-inner-masonry-content site-background'><div class='av-inner-masonry-content-pos'><div class='av-inner-masonry-content-pos-content'><div class='avia-arrow'><\/div><h3 class='av-masonry-entry-title entry-title '  itemprop=\"headline\" >Viatge Pistoia<\/h3><span class='av-masonry-date meta-color updated'>16 de mar\u00e7 de 2026<\/span><span class=\"av-masonry-text-sep text-sep-author\">\/<\/span><span class='av-masonry-author meta-color author'><span class='fn'>by f1c2b02a1225<\/span><\/span><\/div><\/div><\/figcaption><\/figure><\/a><!--end av-masonry entry--><a href=\"https:\/\/www.plamarcell.cat\/web\/visita-lab-0-6\/\"  id='av-masonry-1-item-5559' data-av-masonry-item='5559' class='av-masonry-entry isotope-item post-5559 post type-post status-publish format-standard has-post-thumbnail hentry category-cicles-formatius category-pagina-dinici tag-cicles-formatius tag-educacio-infantil all_sort cicles-formatius_sort  pagina-dinici_sort  av-masonry-item-with-image' title=\"78afa855-6c5f-4309-b247-130b8569595c\"   itemscope=\"itemscope\" itemtype=\"https:\/\/schema.org\/CreativeWork\" ><div class='av-inner-masonry-sizer'><\/div><figure class='av-inner-masonry main_color'><div class=\"av-masonry-outerimage-container\"><div class='av-masonry-image-container' style=\"background-image: url(https:\/\/www.plamarcell.cat\/web\/wp-content\/uploads\/2026\/02\/78afa855-6c5f-4309-b247-130b8569595c-1-705x529.jpg);\"  title=\"78afa855-6c5f-4309-b247-130b8569595c\" ><\/div><\/div><figcaption class='av-inner-masonry-content site-background'><div class='av-inner-masonry-content-pos'><div class='av-inner-masonry-content-pos-content'><div class='avia-arrow'><\/div><h3 class='av-masonry-entry-title entry-title '  itemprop=\"headline\" >Visita Lab 0-6<\/h3><span class='av-masonry-date meta-color updated'>10 de mar\u00e7 de 2026<\/span><span class=\"av-masonry-text-sep text-sep-author\">\/<\/span><span class='av-masonry-author meta-color author'><span class='fn'>by f1c2b02a1225<\/span><\/span><\/div><\/div><\/figcaption><\/figure><\/a><!--end av-masonry entry--><a href=\"https:\/\/www.plamarcell.cat\/web\/connexions\/\"  id='av-masonry-1-item-5495' data-av-masonry-item='5495' class='av-masonry-entry isotope-item post-5495 post type-post status-publish format-standard has-post-thumbnail hentry category-eso category-pagina-dinici tag-eso tag-espurna all_sort eso_sort  pagina-dinici_sort  av-masonry-item-with-image' title=\"image0 (2)\"   itemscope=\"itemscope\" itemtype=\"https:\/\/schema.org\/CreativeWork\" ><div class='av-inner-masonry-sizer'><\/div><figure class='av-inner-masonry main_color'><div class=\"av-masonry-outerimage-container\"><div class='av-masonry-image-container' style=\"background-image: url(https:\/\/www.plamarcell.cat\/web\/wp-content\/uploads\/2026\/02\/image0-2-317x705.jpeg);\"  title=\"image0 (2)\" ><\/div><\/div><figcaption class='av-inner-masonry-content site-background'><div class='av-inner-masonry-content-pos'><div class='av-inner-masonry-content-pos-content'><div class='avia-arrow'><\/div><h3 class='av-masonry-entry-title entry-title '  itemprop=\"headline\" >Connexions<\/h3><span class='av-masonry-date meta-color updated'>20 de febrer de 2026<\/span><span class=\"av-masonry-text-sep text-sep-author\">\/<\/span><span class='av-masonry-author meta-color author'><span class='fn'>by f1c2b02a1225<\/span><\/span><\/div><\/div><\/figcaption><\/figure><\/a><!--end av-masonry entry--><a href=\"https:\/\/www.plamarcell.cat\/web\/el-carnestoltes-del-pla\/\"  id='av-masonry-1-item-5472' data-av-masonry-item='5472' class='av-masonry-entry isotope-item post-5472 post type-post status-publish format-standard has-post-thumbnail hentry category-eso category-pagina-dinici tag-carnestoltes tag-eso all_sort eso_sort  pagina-dinici_sort  av-masonry-item-with-image' title=\"CARNESTOLTES\"   itemscope=\"itemscope\" itemtype=\"https:\/\/schema.org\/CreativeWork\" ><div class='av-inner-masonry-sizer'><\/div><figure class='av-inner-masonry main_color'><div class=\"av-masonry-outerimage-container\"><div class='av-masonry-image-container' style=\"background-image: url(https:\/\/www.plamarcell.cat\/web\/wp-content\/uploads\/2026\/02\/CARNESTOLTES-705x302.png);\"  title=\"CARNESTOLTES\" ><\/div><\/div><figcaption class='av-inner-masonry-content site-background'><div class='av-inner-masonry-content-pos'><div class='av-inner-masonry-content-pos-content'><div class='avia-arrow'><\/div><h3 class='av-masonry-entry-title entry-title '  itemprop=\"headline\" >El Carnestoltes del Pla<\/h3><span class='av-masonry-date meta-color updated'>20 de febrer de 2026<\/span><span class=\"av-masonry-text-sep text-sep-author\">\/<\/span><span class='av-masonry-author meta-color author'><span class='fn'>by f1c2b02a1225<\/span><\/span><\/div><\/div><\/figcaption><\/figure><\/a><!--end av-masonry entry--><a href=\"https:\/\/www.plamarcell.cat\/web\/impuls-a-les-vocacions-stem-i-les-eines-digitals-el-pla-marcell-tanca-amb-exit-el-programa-misti\/\"  id='av-masonry-1-item-5387' data-av-masonry-item='5387' class='av-masonry-entry isotope-item post-5387 post type-post status-publish format-standard has-post-thumbnail hentry category-eso category-pagina-dinici tag-eso tag-steam all_sort eso_sort  pagina-dinici_sort  av-masonry-item-with-image' title=\"image\"   itemscope=\"itemscope\" itemtype=\"https:\/\/schema.org\/CreativeWork\" ><div class='av-inner-masonry-sizer'><\/div><figure class='av-inner-masonry main_color'><div class=\"av-masonry-outerimage-container\"><div class='av-masonry-image-container' style=\"background-image: url(https:\/\/www.plamarcell.cat\/web\/wp-content\/uploads\/2026\/02\/image-8-705x529.jpeg);\"  title=\"image\" ><\/div><\/div><figcaption class='av-inner-masonry-content site-background'><div class='av-inner-masonry-content-pos'><div class='av-inner-masonry-content-pos-content'><div class='avia-arrow'><\/div><h3 class='av-masonry-entry-title entry-title '  itemprop=\"headline\" >Impuls a les vocacions STEM i les eines digitals: El Pla Marcell tanca amb \u00e8xit el programa MISTI\u00a0<\/h3><span class='av-masonry-date meta-color updated'>9 de febrer de 2026<\/span><span class=\"av-masonry-text-sep text-sep-author\">\/<\/span><span class='av-masonry-author meta-color author'><span class='fn'>by f1c2b02a1225<\/span><\/span><\/div><\/div><\/figcaption><\/figure><\/a><!--end av-masonry entry--><a href=\"https:\/\/www.plamarcell.cat\/web\/copa-cangur-una-jornada-matematica-plena-democio\/\"  id='av-masonry-1-item-5460' data-av-masonry-item='5460' class='av-masonry-entry isotope-item post-5460 post type-post status-publish format-standard has-post-thumbnail hentry category-eso category-pagina-dinici tag-copa-cangur tag-eso all_sort eso_sort  pagina-dinici_sort  av-masonry-item-with-image' title=\"image\"   itemscope=\"itemscope\" itemtype=\"https:\/\/schema.org\/CreativeWork\" ><div class='av-inner-masonry-sizer'><\/div><figure class='av-inner-masonry main_color'><div class=\"av-masonry-outerimage-container\"><div class='av-masonry-image-container' style=\"background-image: url(https:\/\/www.plamarcell.cat\/web\/wp-content\/uploads\/2026\/02\/image-10-705x529.jpeg);\"  title=\"image\" ><\/div><\/div><figcaption class='av-inner-masonry-content site-background'><div class='av-inner-masonry-content-pos'><div class='av-inner-masonry-content-pos-content'><div class='avia-arrow'><\/div><h3 class='av-masonry-entry-title entry-title '  itemprop=\"headline\" >Copa Cangur, una jornada matem\u00e0tica plena d\u2019emoci\u00f3<\/h3><span class='av-masonry-date meta-color updated'>29 de gener de 2026<\/span><span class=\"av-masonry-text-sep text-sep-author\">\/<\/span><span class='av-masonry-author meta-color author'><span class='fn'>by f1c2b02a1225<\/span><\/span><\/div><\/div><\/figcaption><\/figure><\/a><!--end av-masonry entry--><a href=\"https:\/\/www.plamarcell.cat\/web\/fira-pct\/\"  id='av-masonry-1-item-5082' data-av-masonry-item='5082' class='av-masonry-entry isotope-item post-5082 post type-post status-publish format-standard has-post-thumbnail hentry category-eso category-pagina-dinici tag-eso tag-pct tag-pct-25-26 all_sort eso_sort  pagina-dinici_sort  av-masonry-item-with-image' title=\"Captura de pantalla 2026-01-16 a las 19.10.38\"   itemscope=\"itemscope\" itemtype=\"https:\/\/schema.org\/CreativeWork\" ><div class='av-inner-masonry-sizer'><\/div><figure class='av-inner-masonry main_color'><div class=\"av-masonry-outerimage-container\"><div class='av-masonry-image-container' style=\"background-image: url(https:\/\/www.plamarcell.cat\/web\/wp-content\/uploads\/2026\/01\/Captura-de-pantalla-2026-01-16-a-las-19.10.38-705x527.png);\"  title=\"Captura de pantalla 2026-01-16 a las 19.10.38\" ><\/div><\/div><figcaption class='av-inner-masonry-content site-background'><div class='av-inner-masonry-content-pos'><div class='av-inner-masonry-content-pos-content'><div class='avia-arrow'><\/div><h3 class='av-masonry-entry-title entry-title '  itemprop=\"headline\" >FIRA PCT<\/h3><span class='av-masonry-date meta-color updated'>16 de gener de 2026<\/span><span class=\"av-masonry-text-sep text-sep-author\">\/<\/span><span class='av-masonry-author meta-color author'><span class='fn'>by f1c2b02a1225<\/span><\/span><\/div><\/div><\/figcaption><\/figure><\/a><!--end av-masonry entry--><a href=\"https:\/\/www.plamarcell.cat\/web\/jornades-sociocomunitaries\/\"  id='av-masonry-1-item-5059' data-av-masonry-item='5059' class='av-masonry-entry isotope-item post-5059 post type-post status-publish format-standard has-post-thumbnail hentry category-cicles-formatius tag-apsd tag-cicles-formatius tag-educacio-infantil tag-integracio-social all_sort cicles-formatius_sort  av-masonry-item-with-image' title=\"IMG_20251217_160427\"   itemscope=\"itemscope\" itemtype=\"https:\/\/schema.org\/CreativeWork\" ><div class='av-inner-masonry-sizer'><\/div><figure class='av-inner-masonry main_color'><div class=\"av-masonry-outerimage-container\"><div class='av-masonry-image-container' style=\"background-image: url(https:\/\/www.plamarcell.cat\/web\/wp-content\/uploads\/2025\/12\/IMG_20251217_160427-705x531.jpg);\"  title=\"IMG_20251217_160427\" ><\/div><\/div><figcaption class='av-inner-masonry-content site-background'><div class='av-inner-masonry-content-pos'><div class='av-inner-masonry-content-pos-content'><div class='avia-arrow'><\/div><h3 class='av-masonry-entry-title entry-title '  itemprop=\"headline\" >Jornades Sociocomunit\u00e0ries<\/h3><span class='av-masonry-date meta-color updated'>19 de desembre de 2025<\/span><span class=\"av-masonry-text-sep text-sep-author\">\/<\/span><span class='av-masonry-author meta-color author'><span class='fn'>by f1c2b02a1225<\/span><\/span><\/div><\/div><\/figcaption><\/figure><\/a><!--end av-masonry entry--><a href=\"https:\/\/www.plamarcell.cat\/web\/sortida-world-press-photo-1r-tis\/\"  id='av-masonry-1-item-5034' data-av-masonry-item='5034' class='av-masonry-entry isotope-item post-5034 post type-post status-publish format-standard has-post-thumbnail hentry category-cicles-formatius tag-cicles-formatius tag-integracio-social all_sort cicles-formatius_sort  av-masonry-item-with-image' title=\"TIS\"   itemscope=\"itemscope\" itemtype=\"https:\/\/schema.org\/CreativeWork\" ><div class='av-inner-masonry-sizer'><\/div><figure class='av-inner-masonry main_color'><div class=\"av-masonry-outerimage-container\"><div class='av-masonry-image-container' style=\"background-image: url(https:\/\/www.plamarcell.cat\/web\/wp-content\/uploads\/2025\/12\/TIS-705x649.jpg);\"  title=\"TIS\" ><\/div><\/div><figcaption class='av-inner-masonry-content site-background'><div class='av-inner-masonry-content-pos'><div class='av-inner-masonry-content-pos-content'><div class='avia-arrow'><\/div><h3 class='av-masonry-entry-title entry-title '  itemprop=\"headline\" >Sortida World Press Photo 1r TIS<\/h3><span class='av-masonry-date meta-color updated'>4 de desembre de 2025<\/span><span class=\"av-masonry-text-sep text-sep-author\">\/<\/span><span class='av-masonry-author meta-color author'><span class='fn'>by f1c2b02a1225<\/span><\/span><\/div><\/div><\/figcaption><\/figure><\/a><!--end av-masonry entry--><a href=\"https:\/\/www.plamarcell.cat\/web\/tret-de-sortida-del-pct\/\"  id='av-masonry-1-item-5018' data-av-masonry-item='5018' class='av-masonry-entry isotope-item post-5018 post type-post status-publish format-standard has-post-thumbnail hentry category-eso category-sin-categoria tag-eso tag-pct tag-pct-25-26 all_sort eso_sort  sin-categoria_sort  av-masonry-item-with-image' title=\"tutoria (7)\"   itemscope=\"itemscope\" itemtype=\"https:\/\/schema.org\/CreativeWork\" ><div class='av-inner-masonry-sizer'><\/div><figure class='av-inner-masonry main_color'><div class=\"av-masonry-outerimage-container\"><div class='av-masonry-image-container' style=\"background-image: url(https:\/\/www.plamarcell.cat\/web\/wp-content\/uploads\/2025\/11\/tutoria-7-e1764502205150-705x202.jpg);\"  title=\"tutoria (7)\" ><\/div><\/div><figcaption class='av-inner-masonry-content site-background'><div class='av-inner-masonry-content-pos'><div class='av-inner-masonry-content-pos-content'><div class='avia-arrow'><\/div><h3 class='av-masonry-entry-title entry-title '  itemprop=\"headline\" >Tret de Sortida del PCT<\/h3><span class='av-masonry-date meta-color updated'>17 de novembre de 2025<\/span><span class=\"av-masonry-text-sep text-sep-author\">\/<\/span><span class='av-masonry-author meta-color author'><span class='fn'>by f1c2b02a1225<\/span><\/span><\/div><\/div><\/figcaption><\/figure><\/a><!--end av-masonry entry--><a href=\"https:\/\/www.plamarcell.cat\/web\/setmana-de-la-ciencia\/\"  id='av-masonry-1-item-5007' data-av-masonry-item='5007' class='av-masonry-entry isotope-item post-5007 post type-post status-publish format-standard has-post-thumbnail hentry category-eso tag-eso tag-setmana-de-la-ciencia tag-steam all_sort eso_sort  av-masonry-item-with-image' title=\"Captura de pantalla 2025-11-13 a las 20.35.31\"   itemscope=\"itemscope\" itemtype=\"https:\/\/schema.org\/CreativeWork\" ><div class='av-inner-masonry-sizer'><\/div><figure class='av-inner-masonry main_color'><div class=\"av-masonry-outerimage-container\"><div class='av-masonry-image-container' style=\"background-image: url(https:\/\/www.plamarcell.cat\/web\/wp-content\/uploads\/2025\/11\/Captura-de-pantalla-2025-11-13-a-las-20.35.31-705x226.png);\"  title=\"Captura de pantalla 2025-11-13 a las 20.35.31\" ><\/div><\/div><figcaption class='av-inner-masonry-content site-background'><div class='av-inner-masonry-content-pos'><div class='av-inner-masonry-content-pos-content'><div class='avia-arrow'><\/div><h3 class='av-masonry-entry-title entry-title '  itemprop=\"headline\" >Setmana de la Ci\u00e8ncia<\/h3><span class='av-masonry-date meta-color updated'>13 de novembre de 2025<\/span><span class=\"av-masonry-text-sep text-sep-author\">\/<\/span><span class='av-masonry-author meta-color author'><span class='fn'>by f1c2b02a1225<\/span><\/span><\/div><\/div><\/figcaption><\/figure><\/a><!--end av-masonry entry--><a href=\"https:\/\/www.plamarcell.cat\/web\/sortida-inici-de-curs-parc-dels-pinetons\/\"  id='av-masonry-1-item-4794' data-av-masonry-item='4794' class='av-masonry-entry isotope-item post-4794 post type-post status-publish format-standard has-post-thumbnail hentry category-cicles-formatius category-pagina-dinici tag-apsd tag-cicles-formatius tag-educacio-infantil tag-integracio-social all_sort cicles-formatius_sort  pagina-dinici_sort  av-masonry-item-with-image' title=\"foto cap\u00e7alera\"   itemscope=\"itemscope\" itemtype=\"https:\/\/schema.org\/CreativeWork\" ><div class='av-inner-masonry-sizer'><\/div><figure class='av-inner-masonry main_color'><div class=\"av-masonry-outerimage-container\"><div class='av-masonry-image-container' style=\"background-image: url(https:\/\/www.plamarcell.cat\/web\/wp-content\/uploads\/2025\/10\/foto-capcalera-705x531.jpg);\"  title=\"foto cap\u00e7alera\" ><\/div><\/div><figcaption class='av-inner-masonry-content site-background'><div class='av-inner-masonry-content-pos'><div class='av-inner-masonry-content-pos-content'><div class='avia-arrow'><\/div><h3 class='av-masonry-entry-title entry-title '  itemprop=\"headline\" >Sortida d&#8217;inici de curs: Parc dels Pinetons<\/h3><span class='av-masonry-date meta-color updated'>30 d'octubre de 2025<\/span><span class=\"av-masonry-text-sep text-sep-author\">\/<\/span><span class='av-masonry-author meta-color author'><span class='fn'>by f1c2b02a1225<\/span><\/span><\/div><\/div><\/figcaption><\/figure><\/a><!--end av-masonry entry--><a href=\"https:\/\/www.plamarcell.cat\/web\/copa-code-25-26\/\"  id='av-masonry-1-item-4960' data-av-masonry-item='4960' class='av-masonry-entry isotope-item post-4960 post type-post status-publish format-standard has-post-thumbnail hentry category-eso category-pagina-dinici tag-copa-code tag-eso all_sort eso_sort  pagina-dinici_sort  av-masonry-item-with-image' title=\"3 copa code 25\/26\"   itemscope=\"itemscope\" itemtype=\"https:\/\/schema.org\/CreativeWork\" ><div class='av-inner-masonry-sizer'><\/div><figure class='av-inner-masonry main_color'><div class=\"av-masonry-outerimage-container\"><div class='av-masonry-image-container' style=\"background-image: url(https:\/\/www.plamarcell.cat\/web\/wp-content\/uploads\/2025\/10\/IMG_20251022_130537-705x529.jpg);\"  title=\"3 copa code 25\/26\" ><\/div><\/div><figcaption class='av-inner-masonry-content site-background'><div class='av-inner-masonry-content-pos'><div class='av-inner-masonry-content-pos-content'><div class='avia-arrow'><\/div><h3 class='av-masonry-entry-title entry-title '  itemprop=\"headline\" >Copa Code 25\/26<\/h3><span class='av-masonry-date meta-color updated'>22 d'octubre de 2025<\/span><span class=\"av-masonry-text-sep text-sep-author\">\/<\/span><span class='av-masonry-author meta-color author'><span class='fn'>by f1c2b02a1225<\/span><\/span><\/div><\/div><\/figcaption><\/figure><\/a><!--end av-masonry entry--><a href=\"https:\/\/www.plamarcell.cat\/web\/code-week\/\"  id='av-masonry-1-item-4884' data-av-masonry-item='4884' class='av-masonry-entry isotope-item post-4884 post type-post status-publish format-standard has-post-thumbnail hentry category-eso tag-code-week tag-copa-code tag-eso tag-steam all_sort eso_sort  av-masonry-item-with-image' title=\"SETMANA CODE\"   itemscope=\"itemscope\" itemtype=\"https:\/\/schema.org\/CreativeWork\" ><div class='av-inner-masonry-sizer'><\/div><figure class='av-inner-masonry main_color'><div class=\"av-masonry-outerimage-container\"><div class='av-masonry-image-container' style=\"background-image: url(https:\/\/www.plamarcell.cat\/web\/wp-content\/uploads\/2025\/10\/code-705x349.png);\"  title=\"SETMANA CODE\" ><\/div><\/div><figcaption class='av-inner-masonry-content site-background'><div class='av-inner-masonry-content-pos'><div class='av-inner-masonry-content-pos-content'><div class='avia-arrow'><\/div><h3 class='av-masonry-entry-title entry-title '  itemprop=\"headline\" >Code Week<\/h3><span class='av-masonry-date meta-color updated'>17 d'octubre de 2025<\/span><span class=\"av-masonry-text-sep text-sep-author\">\/<\/span><span class='av-masonry-author meta-color author'><span class='fn'>by f1c2b02a1225<\/span><\/span><\/div><\/div><\/figcaption><\/figure><\/a><!--end av-masonry entry--><a href=\"https:\/\/www.plamarcell.cat\/web\/comencem-temporada-amb-lambaixada-cultural-del-pla\/\"  id='av-masonry-1-item-4871' data-av-masonry-item='4871' class='av-masonry-entry isotope-item post-4871 post type-post status-publish format-standard has-post-thumbnail hentry category-eso tag-ambaixada tag-eso all_sort eso_sort  av-masonry-item-with-image' title=\"MARES-AMBAIXADA\"   itemscope=\"itemscope\" itemtype=\"https:\/\/schema.org\/CreativeWork\" ><div class='av-inner-masonry-sizer'><\/div><figure class='av-inner-masonry main_color'><div class=\"av-masonry-outerimage-container\"><div class='av-masonry-image-container' style=\"background-image: url(https:\/\/www.plamarcell.cat\/web\/wp-content\/uploads\/2025\/10\/Captura-de-pantalla-2025-10-05-a-las-12.10.22-705x349.png);\"  title=\"MARES-AMBAIXADA\" ><\/div><\/div><figcaption class='av-inner-masonry-content site-background'><div class='av-inner-masonry-content-pos'><div class='av-inner-masonry-content-pos-content'><div class='avia-arrow'><\/div><h3 class='av-masonry-entry-title entry-title '  itemprop=\"headline\" >Comencem temporada amb l&#8217;ambaixada cultural del Pla\u00a0<\/h3><span class='av-masonry-date meta-color updated'>5 d'octubre de 2025<\/span><span class=\"av-masonry-text-sep text-sep-author\">\/<\/span><span class='av-masonry-author meta-color author'><span class='fn'>by f1c2b02a1225<\/span><\/span><\/div><\/div><\/figcaption><\/figure><\/a><!--end av-masonry entry--><a href=\"https:\/\/www.plamarcell.cat\/web\/nuria-puigmal-25-26\/\"  id='av-masonry-1-item-4779' data-av-masonry-item='4779' class='av-masonry-entry isotope-item post-4779 post type-post status-publish format-standard has-post-thumbnail hentry category-eso tag-eso all_sort eso_sort  av-masonry-item-with-image' title=\"d9582c35-9692-49da-ae2e-e4b42cfb9a00\"   itemscope=\"itemscope\" itemtype=\"https:\/\/schema.org\/CreativeWork\" ><div class='av-inner-masonry-sizer'><\/div><figure class='av-inner-masonry main_color'><div class=\"av-masonry-outerimage-container\"><div class='av-masonry-image-container' style=\"background-image: url(https:\/\/www.plamarcell.cat\/web\/wp-content\/uploads\/2025\/09\/d9582c35-9692-49da-ae2e-e4b42cfb9a00-529x705.jpg);\"  title=\"d9582c35-9692-49da-ae2e-e4b42cfb9a00\" ><\/div><\/div><figcaption class='av-inner-masonry-content site-background'><div class='av-inner-masonry-content-pos'><div class='av-inner-masonry-content-pos-content'><div class='avia-arrow'><\/div><h3 class='av-masonry-entry-title entry-title '  itemprop=\"headline\" >N\u00faria-Puigmal 25\/26<\/h3><span class='av-masonry-date meta-color updated'>27 de setembre de 2025<\/span><span class=\"av-masonry-text-sep text-sep-author\">\/<\/span><span class='av-masonry-author meta-color author'><span class='fn'>by f1c2b02a1225<\/span><\/span><\/div><\/div><\/figcaption><\/figure><\/a><!--end av-masonry entry--><a href=\"https:\/\/www.plamarcell.cat\/web\/ajuts-per-a-alumnes-amb-necessitat-especifica-de-suport-educatiu\/\"  id='av-masonry-1-item-4404' data-av-masonry-item='4404' class='av-masonry-entry isotope-item post-4404 post type-post status-publish format-standard has-post-thumbnail hentry category-eso category-pagina-dinici category-pagina-de-secretaria tag-ajuts-alumnes-nese tag-eso all_sort eso_sort  pagina-dinici_sort  pagina-de-secretaria_sort  av-masonry-item-with-image' title=\"Ajuts NESE 25\"   itemscope=\"itemscope\" itemtype=\"https:\/\/schema.org\/CreativeWork\" ><div class='av-inner-masonry-sizer'><\/div><figure class='av-inner-masonry main_color'><div class=\"av-masonry-outerimage-container\"><div class='av-masonry-image-container' style=\"background-image: url(https:\/\/www.plamarcell.cat\/web\/wp-content\/uploads\/2025\/05\/beques-ajuts-705x296.jpg);\"  title=\"Ajuts NESE 25\" ><\/div><\/div><figcaption class='av-inner-masonry-content site-background'><div class='av-inner-masonry-content-pos'><div class='av-inner-masonry-content-pos-content'><div class='avia-arrow'><\/div><h3 class='av-masonry-entry-title entry-title '  itemprop=\"headline\" >Ajuts per a alumnes amb necessitat espec\u00edfica de suport educatiu\u00a0<\/h3><span class='av-masonry-date meta-color updated'>22 de maig de 2025<\/span><span class=\"av-masonry-text-sep text-sep-author\">\/<\/span><span class='av-masonry-author meta-color author'><span class='fn'>by f1c2b02a1225<\/span><\/span><\/div><\/div><\/figcaption><\/figure><\/a><!--end av-masonry entry--><a href=\"https:\/\/www.plamarcell.cat\/web\/com-sona-leso\/\"  id='av-masonry-1-item-4336' data-av-masonry-item='4336' class='av-masonry-entry isotope-item post-4336 post type-post status-publish format-standard has-post-thumbnail hentry category-eso category-pagina-dinici tag-eso tag-projecte-com-sona-leso all_sort eso_sort  pagina-dinici_sort  av-masonry-item-with-image' title=\"Projecte Com sona l&#8217;ESO\"   itemscope=\"itemscope\" itemtype=\"https:\/\/schema.org\/CreativeWork\" ><div class='av-inner-masonry-sizer'><\/div><figure class='av-inner-masonry main_color'><div class=\"av-masonry-outerimage-container\"><div class='av-masonry-image-container' style=\"background-image: url(https:\/\/www.plamarcell.cat\/web\/wp-content\/uploads\/2025\/05\/IMG-20250510-WA0017-1-705x529.jpg);\"  title=\"Projecte Com sona l&#8217;ESO\" ><\/div><\/div><figcaption class='av-inner-masonry-content site-background'><div class='av-inner-masonry-content-pos'><div class='av-inner-masonry-content-pos-content'><div class='avia-arrow'><\/div><h3 class='av-masonry-entry-title entry-title '  itemprop=\"headline\" >Com sona l&#8217;ESO<\/h3><span class='av-masonry-date meta-color updated'>12 de maig de 2025<\/span><span class=\"av-masonry-text-sep text-sep-author\">\/<\/span><span class='av-masonry-author meta-color author'><span class='fn'>by f1c2b02a1225<\/span><\/span><\/div><\/div><\/figcaption><\/figure><\/a><!--end av-masonry entry--><a href=\"https:\/\/www.plamarcell.cat\/web\/setmana-de-les-lletres-i-les-arts\/\"  id='av-masonry-1-item-4277' data-av-masonry-item='4277' class='av-masonry-entry isotope-item post-4277 post type-post status-publish format-standard has-post-thumbnail hentry category-eso category-pagina-dinici all_sort eso_sort  pagina-dinici_sort  av-masonry-item-with-image' title=\"Setmana de les lletres i les Arts\"   itemscope=\"itemscope\" itemtype=\"https:\/\/schema.org\/CreativeWork\" ><div class='av-inner-masonry-sizer'><\/div><figure class='av-inner-masonry main_color'><div class=\"av-masonry-outerimage-container\"><div class='av-masonry-image-container' style=\"background-image: url(https:\/\/www.plamarcell.cat\/web\/wp-content\/uploads\/2025\/04\/OP-20250425_145137-1-705x470.jpg);\"  title=\"Setmana de les lletres i les Arts\" ><\/div><\/div><figcaption class='av-inner-masonry-content site-background'><div class='av-inner-masonry-content-pos'><div class='av-inner-masonry-content-pos-content'><div class='avia-arrow'><\/div><h3 class='av-masonry-entry-title entry-title '  itemprop=\"headline\" >Setmana de les Lletres i les Arts<\/h3><span class='av-masonry-date meta-color updated'>26 d'abril de 2025<\/span><span class=\"av-masonry-text-sep text-sep-author\">\/<\/span><span class='av-masonry-author meta-color author'><span class='fn'>by f1c2b02a1225<\/span><\/span><\/div><\/div><\/figcaption><\/figure><\/a><!--end av-masonry entry--><\/div><\/div>\n\n","protected":false},"excerpt":{"rendered":"","protected":false},"author":1,"featured_media":0,"parent":0,"menu_order":20,"comment_status":"closed","ping_status":"closed","template":"","meta":{"footnotes":""},"class_list":["post-93","page","type-page","status-publish","hentry"],"yoast_head":"<!-- This site is optimized with the Yoast SEO plugin v27.4 - https:\/\/yoast.com\/product\/yoast-seo-wordpress\/ -->\n<title>Actualitat - Institut Pla Marcell<\/title>\n<meta name=\"robots\" content=\"index, follow, max-snippet:-1, max-image-preview:large, max-video-preview:-1\" \/>\n<link rel=\"canonical\" href=\"https:\/\/www.plamarcell.cat\/web\/actualitat\/\" \/>\n<meta property=\"og:locale\" content=\"ca_ES\" \/>\n<meta property=\"og:type\" content=\"article\" \/>\n<meta property=\"og:title\" content=\"Actualitat - Institut Pla Marcell\" \/>\n<meta property=\"og:url\" content=\"https:\/\/www.plamarcell.cat\/web\/actualitat\/\" \/>\n<meta property=\"og:site_name\" content=\"Institut Pla Marcell\" \/>\n<meta property=\"article:modified_time\" content=\"2026-04-22T17:47:11+00:00\" \/>\n<meta name=\"twitter:card\" content=\"summary_large_image\" \/>\n<meta name=\"twitter:label1\" content=\"Temps estimat de lectura\" \/>\n\t<meta name=\"twitter:data1\" content=\"1 minut\" \/>\n<script type=\"application\/ld+json\" class=\"yoast-schema-graph\">{\"@context\":\"https:\\\/\\\/schema.org\",\"@graph\":[{\"@type\":\"WebPage\",\"@id\":\"https:\\\/\\\/www.plamarcell.cat\\\/web\\\/actualitat\\\/\",\"url\":\"https:\\\/\\\/www.plamarcell.cat\\\/web\\\/actualitat\\\/\",\"name\":\"Actualitat - Institut Pla Marcell\",\"isPartOf\":{\"@id\":\"https:\\\/\\\/www.plamarcell.cat\\\/web\\\/#website\"},\"datePublished\":\"2025-02-12T16:41:17+00:00\",\"dateModified\":\"2026-04-22T17:47:11+00:00\",\"breadcrumb\":{\"@id\":\"https:\\\/\\\/www.plamarcell.cat\\\/web\\\/actualitat\\\/#breadcrumb\"},\"inLanguage\":\"ca\",\"potentialAction\":[{\"@type\":\"ReadAction\",\"target\":[\"https:\\\/\\\/www.plamarcell.cat\\\/web\\\/actualitat\\\/\"]}]},{\"@type\":\"BreadcrumbList\",\"@id\":\"https:\\\/\\\/www.plamarcell.cat\\\/web\\\/actualitat\\\/#breadcrumb\",\"itemListElement\":[{\"@type\":\"ListItem\",\"position\":1,\"name\":\"Inici\",\"item\":\"https:\\\/\\\/www.plamarcell.cat\\\/web\\\/\"},{\"@type\":\"ListItem\",\"position\":2,\"name\":\"Actualitat\"}]},{\"@type\":\"WebSite\",\"@id\":\"https:\\\/\\\/www.plamarcell.cat\\\/web\\\/#website\",\"url\":\"https:\\\/\\\/www.plamarcell.cat\\\/web\\\/\",\"name\":\"Institut Pla Marcell\",\"description\":\"Decidir, conviure i aprendre\",\"publisher\":{\"@id\":\"https:\\\/\\\/www.plamarcell.cat\\\/web\\\/#organization\"},\"potentialAction\":[{\"@type\":\"SearchAction\",\"target\":{\"@type\":\"EntryPoint\",\"urlTemplate\":\"https:\\\/\\\/www.plamarcell.cat\\\/web\\\/?s={search_term_string}\"},\"query-input\":{\"@type\":\"PropertyValueSpecification\",\"valueRequired\":true,\"valueName\":\"search_term_string\"}}],\"inLanguage\":\"ca\"},{\"@type\":\"Organization\",\"@id\":\"https:\\\/\\\/www.plamarcell.cat\\\/web\\\/#organization\",\"name\":\"Institut Pla Marcell\",\"url\":\"https:\\\/\\\/www.plamarcell.cat\\\/web\\\/\",\"logo\":{\"@type\":\"ImageObject\",\"inLanguage\":\"ca\",\"@id\":\"https:\\\/\\\/www.plamarcell.cat\\\/web\\\/#\\\/schema\\\/logo\\\/image\\\/\",\"url\":\"https:\\\/\\\/www.plamarcell.cat\\\/web\\\/wp-content\\\/uploads\\\/2025\\\/03\\\/ima-Logo-header-1.png\",\"contentUrl\":\"https:\\\/\\\/www.plamarcell.cat\\\/web\\\/wp-content\\\/uploads\\\/2025\\\/03\\\/ima-Logo-header-1.png\",\"width\":1200,\"height\":700,\"caption\":\"Institut Pla Marcell\"},\"image\":{\"@id\":\"https:\\\/\\\/www.plamarcell.cat\\\/web\\\/#\\\/schema\\\/logo\\\/image\\\/\"},\"sameAs\":[\"https:\\\/\\\/www.instagram.com\\\/pla.marcell\\\/\"]}]}<\/script>\n<!-- \/ Yoast SEO plugin. -->","yoast_head_json":{"title":"Actualitat - Institut Pla Marcell","robots":{"index":"index","follow":"follow","max-snippet":"max-snippet:-1","max-image-preview":"max-image-preview:large","max-video-preview":"max-video-preview:-1"},"canonical":"https:\/\/www.plamarcell.cat\/web\/actualitat\/","og_locale":"ca_ES","og_type":"article","og_title":"Actualitat - Institut Pla Marcell","og_url":"https:\/\/www.plamarcell.cat\/web\/actualitat\/","og_site_name":"Institut Pla Marcell","article_modified_time":"2026-04-22T17:47:11+00:00","twitter_card":"summary_large_image","twitter_misc":{"Temps estimat de lectura":"1 minut"},"schema":{"@context":"https:\/\/schema.org","@graph":[{"@type":"WebPage","@id":"https:\/\/www.plamarcell.cat\/web\/actualitat\/","url":"https:\/\/www.plamarcell.cat\/web\/actualitat\/","name":"Actualitat - Institut Pla Marcell","isPartOf":{"@id":"https:\/\/www.plamarcell.cat\/web\/#website"},"datePublished":"2025-02-12T16:41:17+00:00","dateModified":"2026-04-22T17:47:11+00:00","breadcrumb":{"@id":"https:\/\/www.plamarcell.cat\/web\/actualitat\/#breadcrumb"},"inLanguage":"ca","potentialAction":[{"@type":"ReadAction","target":["https:\/\/www.plamarcell.cat\/web\/actualitat\/"]}]},{"@type":"BreadcrumbList","@id":"https:\/\/www.plamarcell.cat\/web\/actualitat\/#breadcrumb","itemListElement":[{"@type":"ListItem","position":1,"name":"Inici","item":"https:\/\/www.plamarcell.cat\/web\/"},{"@type":"ListItem","position":2,"name":"Actualitat"}]},{"@type":"WebSite","@id":"https:\/\/www.plamarcell.cat\/web\/#website","url":"https:\/\/www.plamarcell.cat\/web\/","name":"Institut Pla Marcell","description":"Decidir, conviure i aprendre","publisher":{"@id":"https:\/\/www.plamarcell.cat\/web\/#organization"},"potentialAction":[{"@type":"SearchAction","target":{"@type":"EntryPoint","urlTemplate":"https:\/\/www.plamarcell.cat\/web\/?s={search_term_string}"},"query-input":{"@type":"PropertyValueSpecification","valueRequired":true,"valueName":"search_term_string"}}],"inLanguage":"ca"},{"@type":"Organization","@id":"https:\/\/www.plamarcell.cat\/web\/#organization","name":"Institut Pla Marcell","url":"https:\/\/www.plamarcell.cat\/web\/","logo":{"@type":"ImageObject","inLanguage":"ca","@id":"https:\/\/www.plamarcell.cat\/web\/#\/schema\/logo\/image\/","url":"https:\/\/www.plamarcell.cat\/web\/wp-content\/uploads\/2025\/03\/ima-Logo-header-1.png","contentUrl":"https:\/\/www.plamarcell.cat\/web\/wp-content\/uploads\/2025\/03\/ima-Logo-header-1.png","width":1200,"height":700,"caption":"Institut Pla Marcell"},"image":{"@id":"https:\/\/www.plamarcell.cat\/web\/#\/schema\/logo\/image\/"},"sameAs":["https:\/\/www.instagram.com\/pla.marcell\/"]}]}},"_links":{"self":[{"href":"https:\/\/www.plamarcell.cat\/web\/wp-json\/wp\/v2\/pages\/93","targetHints":{"allow":["GET"]}}],"collection":[{"href":"https:\/\/www.plamarcell.cat\/web\/wp-json\/wp\/v2\/pages"}],"about":[{"href":"https:\/\/www.plamarcell.cat\/web\/wp-json\/wp\/v2\/types\/page"}],"author":[{"embeddable":true,"href":"https:\/\/www.plamarcell.cat\/web\/wp-json\/wp\/v2\/users\/1"}],"replies":[{"embeddable":true,"href":"https:\/\/www.plamarcell.cat\/web\/wp-json\/wp\/v2\/comments?post=93"}],"version-history":[{"count":24,"href":"https:\/\/www.plamarcell.cat\/web\/wp-json\/wp\/v2\/pages\/93\/revisions"}],"predecessor-version":[{"id":4987,"href":"https:\/\/www.plamarcell.cat\/web\/wp-json\/wp\/v2\/pages\/93\/revisions\/4987"}],"wp:attachment":[{"href":"https:\/\/www.plamarcell.cat\/web\/wp-json\/wp\/v2\/media?parent=93"}],"curies":[{"name":"wp","href":"https:\/\/api.w.org\/{rel}","templated":true}]}}