{"id":4645,"date":"2025-09-25T16:15:17","date_gmt":"2025-09-25T14:15:17","guid":{"rendered":"https:\/\/www.plamarcell.cat\/web\/?post_type=portfolio&#038;p=4645"},"modified":"2026-03-27T13:58:27","modified_gmt":"2026-03-27T12:58:27","slug":"complecio-densenyaments-professionalitzadors-extingits","status":"publish","type":"portfolio","link":"https:\/\/www.plamarcell.cat\/web\/portfolio-item\/complecio-densenyaments-professionalitzadors-extingits\/","title":{"rendered":"Compleci\u00f3 d&#8217;ensenyaments professionalitzadors extingits"},"content":{"rendered":"<div  class='flex_column av-a7b9fv-fcefda619770935f8747f40aadfa5852 av_one_third  avia-builder-el-0  el_before_av_two_third  avia-builder-el-first  first flex_column_div  '     ><style type=\"text\/css\" data-created_by=\"avia_inline_auto\" id=\"style-css-av-91zs23-a28a4e26b9a366659676bed0fb85ac1f\">\n#top .av-special-heading.av-91zs23-a28a4e26b9a366659676bed0fb85ac1f{\npadding-bottom:10px;\n}\nbody .av-special-heading.av-91zs23-a28a4e26b9a366659676bed0fb85ac1f .av-special-heading-tag .heading-char{\nfont-size:25px;\n}\n.av-special-heading.av-91zs23-a28a4e26b9a366659676bed0fb85ac1f .av-subheading{\nfont-size:15px;\n}\n<\/style>\n<div  class='av-special-heading av-91zs23-a28a4e26b9a366659676bed0fb85ac1f av-special-heading-h1 blockquote modern-quote  avia-builder-el-1  avia-builder-el-no-sibling '><h1 class='av-special-heading-tag '  itemprop=\"headline\"  >Compleci\u00f3 d\u2019ensenyaments professionalitzadors extingits<\/h1><div class=\"special-heading-border\"><div class=\"special-heading-inner-border\"><\/div><\/div><\/div><\/div>\n<div  class='flex_column av-2zkwvn-ca4639690e211f2530a49b9399931e23 av_two_third  avia-builder-el-2  el_after_av_one_third  avia-builder-el-last  flex_column_div  '     ><p><section  class='av_textblock_section av-md8yessc-371a5cfa9c39f08b82a9164ce794c7b8 '   itemscope=\"itemscope\" itemtype=\"https:\/\/schema.org\/CreativeWork\" ><div class='avia_textblock'  itemprop=\"text\" ><p><span style=\"font-weight: 400;\">El Departament d\u2019Educaci\u00f3 i Formaci\u00f3 Professional ha aprovat l\u2019Ordre EDF\/74\/2025 que estableix el procediment per completar els ensenyaments professionalitzadors que s\u2019extingeixen.<\/span><\/p>\n<p><span style=\"font-weight: 400;\">Aquest procediment permet a l\u2019alumnat finalitzar els seus estudis professionalitzadors quan el t\u00edtol o pla d\u2019estudis ha estat suprimit per tal de garantir que pugui obtenir la titulaci\u00f3 corresponent malgrat l\u2019extinci\u00f3 del seu ensenyament.<\/span><\/p>\n<p><span style=\"font-weight: 400;\">Pot sol\u00b7licitar la compleci\u00f3 l\u2019<\/span><b>alumnat escolaritzat pr\u00e8viament al centre<\/b><span style=\"font-weight: 400;\"> en l\u2019ensenyament extingit.<\/span><\/p>\n<h2><span style=\"font-weight: 400;\">Procediment<\/span><\/h2>\n<p><span style=\"font-weight: 400;\">Tal com estableix l\u2019Ordre del Departament, la inscripci\u00f3 en el proc\u00e9s de compleci\u00f3 <\/span><b>no dona dret a assistir a les classes presencials dels m\u00f2duls professionals del nou pla d\u2019estudis.<\/b><span style=\"font-weight: 400;\">\u00a0<\/span><\/p>\n<p><span style=\"font-weight: 400;\">L&#8217;alumnat haur\u00e0 de presentar-se a la prova d\u2019avaluaci\u00f3 presencial el dia o dies que s\u2019estableixin dins de les convocat\u00f2ries que indica l\u2019Ordre\u00a0 EDF\/74\/2025<\/span><\/p>\n<h2><span style=\"font-weight: 400;\">Convocat\u00f2ries<\/span><\/h2>\n<p><span style=\"font-weight: 400;\">La compleci\u00f3 dels estudis en extinci\u00f3 s\u2019ha de finalitzar en els dos cursos seg\u00fcents<\/span><\/p>\n<p><b>Curs 2025-26:\u00a0<\/b><\/p>\n<ul>\n<li style=\"font-weight: 400;\" aria-level=\"1\"><b>Primera convocat\u00f2ria<\/b><span style=\"font-weight: 400;\">: novembre de 2025 (de l&#8217;1 al 30 de novembre)<\/span><\/li>\n<li style=\"font-weight: 400;\" aria-level=\"1\"><b>Segona convocat\u00f2ria<\/b><span style=\"font-weight: 400;\">: abril de 2026 (de l&#8217;1 al 30 d\u2019abril)<\/span><\/li>\n<\/ul>\n<p><b>Curs 2026-27\u00a0<\/b><\/p>\n<ul>\n<li style=\"font-weight: 400;\" aria-level=\"1\"><b>Tercera convocat\u00f2ria<\/b><span style=\"font-weight: 400;\">: novembre de 2026 (de l&#8217;1 al 30 de novembre)<\/span><\/li>\n<li style=\"font-weight: 400;\" aria-level=\"1\"><b>Quarta convocat\u00f2ria<\/b><span style=\"font-weight: 400;\">: abril de 2027 (de l&#8217;1 al 30 d\u2019abril)<\/span><\/li>\n<\/ul>\n<h2><span style=\"font-weight: 400;\">Matr\u00edcula<\/span><\/h2>\n<p><span style=\"font-weight: 400;\">L\u2019alumnat s\u2019ha de matricular <\/span><b>obligat\u00f2riament al centre on va formalitzar la darrera matr\u00edcula en modalitat presencial<\/b><span style=\"font-weight: 400;\"> en els seg\u00fcents per\u00edodes:<\/span><\/p>\n<ul>\n<li style=\"font-weight: 400;\" aria-level=\"1\"><span style=\"font-weight: 400;\">De l\u20191 al 15 d\u2019octubre (per a convocat\u00f2ries de novembre i abril)<\/span><\/li>\n<li style=\"font-weight: 400;\" aria-level=\"1\"><span style=\"font-weight: 400;\">De l\u20191 al 15 de mar\u00e7 (nom\u00e9s per a la convocat\u00f2ria d\u2019abril)<\/span><\/li>\n<\/ul>\n<h2><span style=\"font-weight: 400;\">Dates de les proves<\/span><\/h2>\n<p><span style=\"font-weight: 400;\">Les proves de la primera convocat\u00f2ria tindran lloc el <\/span><b>dia 26 de novembre i comen\u00e7aran a les 16.00h<\/b><\/p>\n<p><span style=\"font-weight: 400;\">Les proves de la segona convocat\u00f2ria tindran lloc el dia<\/span><b> 15 d\u2019abril<\/b><span style=\"font-weight: 400;\">.<\/span><\/p>\n<\/div><\/section><br \/>\n<div class='avia-data-table-wrap av-av_table-5c0ba944d2bc7d527da94d0e8ab6fc88 avia_responsive_table avia-table-1'><table  class='avia-table avia-data-table avia_pricing_default  avia-builder-el-4  el_after_av_textblock  avia-builder-el-last '  itemscope=\"itemscope\" itemtype=\"https:\/\/schema.org\/Table\" ><caption>EX\u00c0MENS TE\u00d2RICS AULA 208<\/caption><tbody><tr class='avia-heading-row'><th class=''>Dimecres 15 abril<\/th><th class=''>TAPD<\/th><th class=''>TIS<\/th><th class=''>TASOCT<\/th><\/tr><tr class=''><td class=''>15.20h<\/td><td class=''>MP13<\/td><td class=''>MP08, MP02, MP07<\/td><td class=''>MP02<\/p>\n<p><\/td><\/tr><tr class=''><td class=''>16.15h<\/td><td class=''>MP01, MP07<\/td><td class=''>MP11, MP12, MP13<\/td><td class=''>MP07<\/td><\/tr><tr class=''><td class=''>17.35h<\/td><td class=''>MP05<\/td><td class=''>MP15 PIS AULA 110<\/td><td class=''>MP14<\/td><\/tr><tr class=''><td class=''>18.30h<\/td><td class=''>MP08<\/td><td class=''><\/td><td class=''><\/td><\/tr><tr class=''><td class=''>19.25h<\/td><td class=''>MP03<\/td><td class=''><\/td><td class=''><\/td><\/tr><\/tbody><\/table><\/div><style type='text\/css'>.avia-table-1 td:nth-of-type(1):before { content: 'Dimecres 15 abril'; } .avia-table-1 td:nth-of-type(2):before { content: 'TAPD'; } .avia-table-1 td:nth-of-type(3):before { content: 'TIS'; } .avia-table-1 td:nth-of-type(4):before { content: 'TASOCT'; } <\/style><\/p><\/div>\n","protected":false},"excerpt":{"rendered":"","protected":false},"author":1,"featured_media":4535,"comment_status":"closed","ping_status":"closed","template":"","meta":{"footnotes":""},"tags":[],"portfolio_entries":[30],"class_list":["post-4645","portfolio","type-portfolio","status-publish","has-post-thumbnail","hentry","portfolio_entries-espai-families"],"yoast_head":"<!-- This site is optimized with the Yoast SEO plugin v27.4 - https:\/\/yoast.com\/product\/yoast-seo-wordpress\/ -->\n<title>Compleci\u00f3 d&#039;ensenyaments professionalitzadors extingits - Institut Pla Marcell<\/title>\n<meta name=\"robots\" content=\"index, follow, max-snippet:-1, max-image-preview:large, max-video-preview:-1\" \/>\n<link rel=\"canonical\" href=\"https:\/\/www.plamarcell.cat\/web\/portfolio-item\/complecio-densenyaments-professionalitzadors-extingits\/\" \/>\n<meta property=\"og:locale\" content=\"ca_ES\" \/>\n<meta property=\"og:type\" content=\"article\" \/>\n<meta property=\"og:title\" content=\"Compleci\u00f3 d&#039;ensenyaments professionalitzadors extingits - Institut Pla Marcell\" \/>\n<meta property=\"og:url\" content=\"https:\/\/www.plamarcell.cat\/web\/portfolio-item\/complecio-densenyaments-professionalitzadors-extingits\/\" \/>\n<meta property=\"og:site_name\" content=\"Institut Pla Marcell\" \/>\n<meta property=\"article:modified_time\" content=\"2026-03-27T12:58:27+00:00\" \/>\n<meta property=\"og:image\" content=\"https:\/\/www.plamarcell.cat\/web\/wp-content\/uploads\/2025\/07\/CD-BlauMitja.jpg\" \/>\n\t<meta property=\"og:image:width\" content=\"1000\" \/>\n\t<meta property=\"og:image:height\" content=\"667\" \/>\n\t<meta property=\"og:image:type\" content=\"image\/jpeg\" \/>\n<meta name=\"twitter:card\" content=\"summary_large_image\" \/>\n<meta name=\"twitter:label1\" content=\"Temps estimat de lectura\" \/>\n\t<meta name=\"twitter:data1\" content=\"2 minuts\" \/>\n<script type=\"application\/ld+json\" class=\"yoast-schema-graph\">{\"@context\":\"https:\\\/\\\/schema.org\",\"@graph\":[{\"@type\":\"WebPage\",\"@id\":\"https:\\\/\\\/www.plamarcell.cat\\\/web\\\/portfolio-item\\\/complecio-densenyaments-professionalitzadors-extingits\\\/\",\"url\":\"https:\\\/\\\/www.plamarcell.cat\\\/web\\\/portfolio-item\\\/complecio-densenyaments-professionalitzadors-extingits\\\/\",\"name\":\"Compleci\u00f3 d'ensenyaments professionalitzadors extingits - Institut Pla Marcell\",\"isPartOf\":{\"@id\":\"https:\\\/\\\/www.plamarcell.cat\\\/web\\\/#website\"},\"primaryImageOfPage\":{\"@id\":\"https:\\\/\\\/www.plamarcell.cat\\\/web\\\/portfolio-item\\\/complecio-densenyaments-professionalitzadors-extingits\\\/#primaryimage\"},\"image\":{\"@id\":\"https:\\\/\\\/www.plamarcell.cat\\\/web\\\/portfolio-item\\\/complecio-densenyaments-professionalitzadors-extingits\\\/#primaryimage\"},\"thumbnailUrl\":\"https:\\\/\\\/www.plamarcell.cat\\\/web\\\/wp-content\\\/uploads\\\/2025\\\/07\\\/CD-BlauMitja.jpg\",\"datePublished\":\"2025-09-25T14:15:17+00:00\",\"dateModified\":\"2026-03-27T12:58:27+00:00\",\"breadcrumb\":{\"@id\":\"https:\\\/\\\/www.plamarcell.cat\\\/web\\\/portfolio-item\\\/complecio-densenyaments-professionalitzadors-extingits\\\/#breadcrumb\"},\"inLanguage\":\"ca\",\"potentialAction\":[{\"@type\":\"ReadAction\",\"target\":[\"https:\\\/\\\/www.plamarcell.cat\\\/web\\\/portfolio-item\\\/complecio-densenyaments-professionalitzadors-extingits\\\/\"]}]},{\"@type\":\"ImageObject\",\"inLanguage\":\"ca\",\"@id\":\"https:\\\/\\\/www.plamarcell.cat\\\/web\\\/portfolio-item\\\/complecio-densenyaments-professionalitzadors-extingits\\\/#primaryimage\",\"url\":\"https:\\\/\\\/www.plamarcell.cat\\\/web\\\/wp-content\\\/uploads\\\/2025\\\/07\\\/CD-BlauMitja.jpg\",\"contentUrl\":\"https:\\\/\\\/www.plamarcell.cat\\\/web\\\/wp-content\\\/uploads\\\/2025\\\/07\\\/CD-BlauMitja.jpg\",\"width\":1000,\"height\":667},{\"@type\":\"BreadcrumbList\",\"@id\":\"https:\\\/\\\/www.plamarcell.cat\\\/web\\\/portfolio-item\\\/complecio-densenyaments-professionalitzadors-extingits\\\/#breadcrumb\",\"itemListElement\":[{\"@type\":\"ListItem\",\"position\":1,\"name\":\"Inici\",\"item\":\"https:\\\/\\\/www.plamarcell.cat\\\/web\\\/\"},{\"@type\":\"ListItem\",\"position\":2,\"name\":\"Compleci\u00f3 d&#8217;ensenyaments professionalitzadors extingits\"}]},{\"@type\":\"WebSite\",\"@id\":\"https:\\\/\\\/www.plamarcell.cat\\\/web\\\/#website\",\"url\":\"https:\\\/\\\/www.plamarcell.cat\\\/web\\\/\",\"name\":\"Institut Pla Marcell\",\"description\":\"Decidir, conviure i aprendre\",\"publisher\":{\"@id\":\"https:\\\/\\\/www.plamarcell.cat\\\/web\\\/#organization\"},\"potentialAction\":[{\"@type\":\"SearchAction\",\"target\":{\"@type\":\"EntryPoint\",\"urlTemplate\":\"https:\\\/\\\/www.plamarcell.cat\\\/web\\\/?s={search_term_string}\"},\"query-input\":{\"@type\":\"PropertyValueSpecification\",\"valueRequired\":true,\"valueName\":\"search_term_string\"}}],\"inLanguage\":\"ca\"},{\"@type\":\"Organization\",\"@id\":\"https:\\\/\\\/www.plamarcell.cat\\\/web\\\/#organization\",\"name\":\"Institut Pla Marcell\",\"url\":\"https:\\\/\\\/www.plamarcell.cat\\\/web\\\/\",\"logo\":{\"@type\":\"ImageObject\",\"inLanguage\":\"ca\",\"@id\":\"https:\\\/\\\/www.plamarcell.cat\\\/web\\\/#\\\/schema\\\/logo\\\/image\\\/\",\"url\":\"https:\\\/\\\/www.plamarcell.cat\\\/web\\\/wp-content\\\/uploads\\\/2025\\\/03\\\/ima-Logo-header-1.png\",\"contentUrl\":\"https:\\\/\\\/www.plamarcell.cat\\\/web\\\/wp-content\\\/uploads\\\/2025\\\/03\\\/ima-Logo-header-1.png\",\"width\":1200,\"height\":700,\"caption\":\"Institut Pla Marcell\"},\"image\":{\"@id\":\"https:\\\/\\\/www.plamarcell.cat\\\/web\\\/#\\\/schema\\\/logo\\\/image\\\/\"},\"sameAs\":[\"https:\\\/\\\/www.instagram.com\\\/pla.marcell\\\/\"]}]}<\/script>\n<!-- \/ Yoast SEO plugin. -->","yoast_head_json":{"title":"Compleci\u00f3 d'ensenyaments professionalitzadors extingits - Institut Pla Marcell","robots":{"index":"index","follow":"follow","max-snippet":"max-snippet:-1","max-image-preview":"max-image-preview:large","max-video-preview":"max-video-preview:-1"},"canonical":"https:\/\/www.plamarcell.cat\/web\/portfolio-item\/complecio-densenyaments-professionalitzadors-extingits\/","og_locale":"ca_ES","og_type":"article","og_title":"Compleci\u00f3 d'ensenyaments professionalitzadors extingits - Institut Pla Marcell","og_url":"https:\/\/www.plamarcell.cat\/web\/portfolio-item\/complecio-densenyaments-professionalitzadors-extingits\/","og_site_name":"Institut Pla Marcell","article_modified_time":"2026-03-27T12:58:27+00:00","og_image":[{"width":1000,"height":667,"url":"https:\/\/www.plamarcell.cat\/web\/wp-content\/uploads\/2025\/07\/CD-BlauMitja.jpg","type":"image\/jpeg"}],"twitter_card":"summary_large_image","twitter_misc":{"Temps estimat de lectura":"2 minuts"},"schema":{"@context":"https:\/\/schema.org","@graph":[{"@type":"WebPage","@id":"https:\/\/www.plamarcell.cat\/web\/portfolio-item\/complecio-densenyaments-professionalitzadors-extingits\/","url":"https:\/\/www.plamarcell.cat\/web\/portfolio-item\/complecio-densenyaments-professionalitzadors-extingits\/","name":"Compleci\u00f3 d'ensenyaments professionalitzadors extingits - Institut Pla Marcell","isPartOf":{"@id":"https:\/\/www.plamarcell.cat\/web\/#website"},"primaryImageOfPage":{"@id":"https:\/\/www.plamarcell.cat\/web\/portfolio-item\/complecio-densenyaments-professionalitzadors-extingits\/#primaryimage"},"image":{"@id":"https:\/\/www.plamarcell.cat\/web\/portfolio-item\/complecio-densenyaments-professionalitzadors-extingits\/#primaryimage"},"thumbnailUrl":"https:\/\/www.plamarcell.cat\/web\/wp-content\/uploads\/2025\/07\/CD-BlauMitja.jpg","datePublished":"2025-09-25T14:15:17+00:00","dateModified":"2026-03-27T12:58:27+00:00","breadcrumb":{"@id":"https:\/\/www.plamarcell.cat\/web\/portfolio-item\/complecio-densenyaments-professionalitzadors-extingits\/#breadcrumb"},"inLanguage":"ca","potentialAction":[{"@type":"ReadAction","target":["https:\/\/www.plamarcell.cat\/web\/portfolio-item\/complecio-densenyaments-professionalitzadors-extingits\/"]}]},{"@type":"ImageObject","inLanguage":"ca","@id":"https:\/\/www.plamarcell.cat\/web\/portfolio-item\/complecio-densenyaments-professionalitzadors-extingits\/#primaryimage","url":"https:\/\/www.plamarcell.cat\/web\/wp-content\/uploads\/2025\/07\/CD-BlauMitja.jpg","contentUrl":"https:\/\/www.plamarcell.cat\/web\/wp-content\/uploads\/2025\/07\/CD-BlauMitja.jpg","width":1000,"height":667},{"@type":"BreadcrumbList","@id":"https:\/\/www.plamarcell.cat\/web\/portfolio-item\/complecio-densenyaments-professionalitzadors-extingits\/#breadcrumb","itemListElement":[{"@type":"ListItem","position":1,"name":"Inici","item":"https:\/\/www.plamarcell.cat\/web\/"},{"@type":"ListItem","position":2,"name":"Compleci\u00f3 d&#8217;ensenyaments professionalitzadors extingits"}]},{"@type":"WebSite","@id":"https:\/\/www.plamarcell.cat\/web\/#website","url":"https:\/\/www.plamarcell.cat\/web\/","name":"Institut Pla Marcell","description":"Decidir, conviure i aprendre","publisher":{"@id":"https:\/\/www.plamarcell.cat\/web\/#organization"},"potentialAction":[{"@type":"SearchAction","target":{"@type":"EntryPoint","urlTemplate":"https:\/\/www.plamarcell.cat\/web\/?s={search_term_string}"},"query-input":{"@type":"PropertyValueSpecification","valueRequired":true,"valueName":"search_term_string"}}],"inLanguage":"ca"},{"@type":"Organization","@id":"https:\/\/www.plamarcell.cat\/web\/#organization","name":"Institut Pla Marcell","url":"https:\/\/www.plamarcell.cat\/web\/","logo":{"@type":"ImageObject","inLanguage":"ca","@id":"https:\/\/www.plamarcell.cat\/web\/#\/schema\/logo\/image\/","url":"https:\/\/www.plamarcell.cat\/web\/wp-content\/uploads\/2025\/03\/ima-Logo-header-1.png","contentUrl":"https:\/\/www.plamarcell.cat\/web\/wp-content\/uploads\/2025\/03\/ima-Logo-header-1.png","width":1200,"height":700,"caption":"Institut Pla Marcell"},"image":{"@id":"https:\/\/www.plamarcell.cat\/web\/#\/schema\/logo\/image\/"},"sameAs":["https:\/\/www.instagram.com\/pla.marcell\/"]}]}},"_links":{"self":[{"href":"https:\/\/www.plamarcell.cat\/web\/wp-json\/wp\/v2\/portfolio\/4645","targetHints":{"allow":["GET"]}}],"collection":[{"href":"https:\/\/www.plamarcell.cat\/web\/wp-json\/wp\/v2\/portfolio"}],"about":[{"href":"https:\/\/www.plamarcell.cat\/web\/wp-json\/wp\/v2\/types\/portfolio"}],"author":[{"embeddable":true,"href":"https:\/\/www.plamarcell.cat\/web\/wp-json\/wp\/v2\/users\/1"}],"replies":[{"embeddable":true,"href":"https:\/\/www.plamarcell.cat\/web\/wp-json\/wp\/v2\/comments?post=4645"}],"version-history":[{"count":25,"href":"https:\/\/www.plamarcell.cat\/web\/wp-json\/wp\/v2\/portfolio\/4645\/revisions"}],"predecessor-version":[{"id":5664,"href":"https:\/\/www.plamarcell.cat\/web\/wp-json\/wp\/v2\/portfolio\/4645\/revisions\/5664"}],"wp:featuredmedia":[{"embeddable":true,"href":"https:\/\/www.plamarcell.cat\/web\/wp-json\/wp\/v2\/media\/4535"}],"wp:attachment":[{"href":"https:\/\/www.plamarcell.cat\/web\/wp-json\/wp\/v2\/media?parent=4645"}],"wp:term":[{"taxonomy":"post_tag","embeddable":true,"href":"https:\/\/www.plamarcell.cat\/web\/wp-json\/wp\/v2\/tags?post=4645"},{"taxonomy":"portfolio_entries","embeddable":true,"href":"https:\/\/www.plamarcell.cat\/web\/wp-json\/wp\/v2\/portfolio_entries?post=4645"}],"curies":[{"name":"wp","href":"https:\/\/api.w.org\/{rel}","templated":true}]}}