{"id":6432,"date":"2026-09-02T17:57:51","date_gmt":"2026-09-02T15:57:51","guid":{"rendered":"https:\/\/www.plamarcell.cat\/web\/?post_type=portfolio&#038;p=6432"},"modified":"2026-09-02T18:10:56","modified_gmt":"2026-09-02T16:10:56","slug":"gestio-cua-virtual-places-vacants-dfp-setembre-2026","status":"publish","type":"portfolio","link":"https:\/\/www.plamarcell.cat\/web\/portfolio-item\/gestio-cua-virtual-places-vacants-dfp-setembre-2026\/","title":{"rendered":"Gesti\u00f3 cua virtual places vacants d\u2019FP setembre 2026"},"content":{"rendered":"<div  class='flex_column av-a7b9fv-fcefda619770935f8747f40aadfa5852 av_one_third  avia-builder-el-0  el_before_av_two_third  avia-builder-el-first  first flex_column_div  '     ><style type=\"text\/css\" data-created_by=\"avia_inline_auto\" id=\"style-css-av-91zs23-25615139e7e0d22203b82092c0d1af7d\">\n#top .av-special-heading.av-91zs23-25615139e7e0d22203b82092c0d1af7d{\npadding-bottom:10px;\n}\nbody .av-special-heading.av-91zs23-25615139e7e0d22203b82092c0d1af7d .av-special-heading-tag .heading-char{\nfont-size:25px;\n}\n.av-special-heading.av-91zs23-25615139e7e0d22203b82092c0d1af7d .av-subheading{\nfont-size:15px;\n}\n<\/style>\n<div  class='av-special-heading av-91zs23-25615139e7e0d22203b82092c0d1af7d av-special-heading-h1 blockquote modern-quote  avia-builder-el-1  avia-builder-el-no-sibling '><h1 class='av-special-heading-tag '  itemprop=\"headline\"  >Gesti\u00f3 cua virtual places vacants d\u2019FP setembre 2026<\/h1><div class=\"special-heading-border\"><div class=\"special-heading-inner-border\"><\/div><\/div><\/div><\/div><div  class='flex_column av-2zkwvn-ca4639690e211f2530a49b9399931e23 av_two_third  avia-builder-el-2  el_after_av_one_third  avia-builder-el-last  flex_column_div  '     ><section  class='av_textblock_section av-mrga07be-09112237b4aa77e65642222dae136339 '   itemscope=\"itemscope\" itemtype=\"https:\/\/schema.org\/CreativeWork\" ><div class='avia_textblock'  itemprop=\"text\" ><p class=\"\" data-start=\"217\" data-end=\"334\">El <strong data-start=\"220\" data-end=\"237\">7 de setembre<\/strong> s\u2019obre la gesti\u00f3 en l\u00ednia de les places vacants dels <strong>Cicles Formatius de l\u2019Institut Pla Marcell<\/strong>.<\/p>\n<p data-start=\"336\" data-end=\"438\">Si vols optar a una pla\u00e7a disponible, <strong data-start=\"374\" data-end=\"409\">inscriu-te a la llista d\u2019espera<\/strong> a trav\u00e9s del seg\u00fcent enlla\u00e7:<\/p>\n<\/div><\/section><br \/>\n\n<style type=\"text\/css\" data-created_by=\"avia_inline_auto\" id=\"style-css-av-mtkakdh5-995c5a5ed47c07b2d17a2d981c9338d1\">\n#top .hr.hr-invisible.av-mtkakdh5-995c5a5ed47c07b2d17a2d981c9338d1{\nheight:50px;\n}\n<\/style>\n<div  class='hr av-mtkakdh5-995c5a5ed47c07b2d17a2d981c9338d1 hr-invisible  avia-builder-el-4  el_after_av_textblock  el_before_av_button '><span class='hr-inner '><span class=\"hr-inner-style\"><\/span><\/span><\/div><br \/>\n<div  class='avia-button-wrap av-mtkad7a1-59797daad89e86f88dd049a2aa7ff041-wrap avia-button-left  avia-builder-el-5  el_after_av_hr  avia-builder-el-last '>\n<style type=\"text\/css\" data-created_by=\"avia_inline_auto\" id=\"style-css-av-mtkad7a1-59797daad89e86f88dd049a2aa7ff041\">\n#top #wrap_all .avia-button.av-mtkad7a1-59797daad89e86f88dd049a2aa7ff041{\nfont-size:18px;\nbackground-color:#ec6363;\nborder-color:#ec6363;\ncolor:#ffffff;\nborder-style:hidden;\nborder-radius:5px 5px 5px 5px;\nbox-shadow:none;\ntransition:all 0.4s ease-in-out;\nmargin:0px 0 0 0;\n}\n#top #wrap_all .avia-button.av-mtkad7a1-59797daad89e86f88dd049a2aa7ff041:hover{\nbackground-color:#5a6565;\ncolor:#ffffff;\ntransition:all 0.4s ease-in-out;\n}\n#top #wrap_all.avia-button.av-mtkad7a1-59797daad89e86f88dd049a2aa7ff041:hover .avia_button_background{\nborder-radius:5px 5px 5px 5px;\n}\n#top #wrap_all .avia-button.av-mtkad7a1-59797daad89e86f88dd049a2aa7ff041 .avia-svg-icon svg:first-child{\nfill:#ffffff;\nstroke:#ffffff;\n}\n#top #wrap_all .avia-button.av-mtkad7a1-59797daad89e86f88dd049a2aa7ff041:hover .avia-svg-icon svg:first-child{\nfill:#ffffff;\nstroke:#ffffff;\n}\n<\/style>\n<a href='https:\/\/aplicacions.gestioeducativa.gencat.cat\/ords\/pls\/apex\/f?p=20160079072543618:650:::NO:650:P650_CENTRE:42ED70435DF69465A6F38EB2BB147596FA9D35B156CBBF06'  class='avia-button av-mtkad7a1-59797daad89e86f88dd049a2aa7ff041 av-link-btn avia-icon_select-no avia-size-large avia-position-left'  target=\"_blank\"  rel=\"noopener noreferrer\"  aria-label=\"Vull inscriure\u2019m a la llista d\u2019espera\"><span class='avia_iconbox_title' >Vull inscriure\u2019m a la llista d\u2019espera<\/span><\/a><\/div><\/p><\/div><\/p>\n","protected":false},"excerpt":{"rendered":"","protected":false},"author":1,"featured_media":4535,"comment_status":"closed","ping_status":"closed","template":"","meta":{"footnotes":""},"tags":[],"portfolio_entries":[30],"class_list":["post-6432","portfolio","type-portfolio","status-publish","has-post-thumbnail","hentry","portfolio_entries-espai-families"],"yoast_head":"<!-- This site is optimized with the Yoast SEO plugin v28.4 - https:\/\/yoast.com\/product\/yoast-seo-wordpress\/ -->\n<title>Gesti\u00f3 cua virtual places vacants d\u2019FP setembre 2026 - Institut Pla Marcell<\/title>\n<meta name=\"robots\" content=\"index, follow, max-snippet:-1, max-image-preview:large, max-video-preview:-1\" \/>\n<link rel=\"canonical\" href=\"https:\/\/www.plamarcell.cat\/web\/portfolio-item\/gestio-cua-virtual-places-vacants-dfp-setembre-2026\/\" \/>\n<meta property=\"og:locale\" content=\"ca_ES\" \/>\n<meta property=\"og:type\" content=\"article\" \/>\n<meta property=\"og:title\" content=\"Gesti\u00f3 cua virtual places vacants d\u2019FP setembre 2026 - Institut Pla Marcell\" \/>\n<meta property=\"og:url\" content=\"https:\/\/www.plamarcell.cat\/web\/portfolio-item\/gestio-cua-virtual-places-vacants-dfp-setembre-2026\/\" \/>\n<meta property=\"og:site_name\" content=\"Institut Pla Marcell\" \/>\n<meta property=\"article:modified_time\" content=\"2026-09-02T16:10:56+00:00\" \/>\n<meta property=\"og:image\" content=\"https:\/\/www.plamarcell.cat\/web\/wp-content\/uploads\/2025\/07\/CD-BlauMitja.jpg\" \/>\n\t<meta property=\"og:image:width\" content=\"1000\" \/>\n\t<meta property=\"og:image:height\" content=\"667\" \/>\n\t<meta property=\"og:image:type\" content=\"image\/jpeg\" \/>\n<meta name=\"twitter:card\" content=\"summary_large_image\" \/>\n<meta name=\"twitter:label1\" content=\"Temps estimat de lectura\" \/>\n\t<meta name=\"twitter:data1\" content=\"1 minut\" \/>\n<script type=\"application\/ld+json\" class=\"yoast-schema-graph\">{\"@context\":\"https:\\\/\\\/schema.org\",\"@graph\":[{\"@type\":\"WebPage\",\"@id\":\"https:\\\/\\\/www.plamarcell.cat\\\/web\\\/portfolio-item\\\/gestio-cua-virtual-places-vacants-dfp-setembre-2026\\\/\",\"url\":\"https:\\\/\\\/www.plamarcell.cat\\\/web\\\/portfolio-item\\\/gestio-cua-virtual-places-vacants-dfp-setembre-2026\\\/\",\"name\":\"Gesti\u00f3 cua virtual places vacants d\u2019FP setembre 2026 - Institut Pla Marcell\",\"isPartOf\":{\"@id\":\"https:\\\/\\\/www.plamarcell.cat\\\/web\\\/#website\"},\"primaryImageOfPage\":{\"@id\":\"https:\\\/\\\/www.plamarcell.cat\\\/web\\\/portfolio-item\\\/gestio-cua-virtual-places-vacants-dfp-setembre-2026\\\/#primaryimage\"},\"image\":{\"@id\":\"https:\\\/\\\/www.plamarcell.cat\\\/web\\\/portfolio-item\\\/gestio-cua-virtual-places-vacants-dfp-setembre-2026\\\/#primaryimage\"},\"thumbnailUrl\":\"https:\\\/\\\/www.plamarcell.cat\\\/web\\\/wp-content\\\/uploads\\\/2025\\\/07\\\/CD-BlauMitja.jpg\",\"datePublished\":\"2026-09-02T15:57:51+00:00\",\"dateModified\":\"2026-09-02T16:10:56+00:00\",\"breadcrumb\":{\"@id\":\"https:\\\/\\\/www.plamarcell.cat\\\/web\\\/portfolio-item\\\/gestio-cua-virtual-places-vacants-dfp-setembre-2026\\\/#breadcrumb\"},\"inLanguage\":\"ca\",\"potentialAction\":[{\"@type\":\"ReadAction\",\"target\":[\"https:\\\/\\\/www.plamarcell.cat\\\/web\\\/portfolio-item\\\/gestio-cua-virtual-places-vacants-dfp-setembre-2026\\\/\"]}]},{\"@type\":\"ImageObject\",\"inLanguage\":\"ca\",\"@id\":\"https:\\\/\\\/www.plamarcell.cat\\\/web\\\/portfolio-item\\\/gestio-cua-virtual-places-vacants-dfp-setembre-2026\\\/#primaryimage\",\"url\":\"https:\\\/\\\/www.plamarcell.cat\\\/web\\\/wp-content\\\/uploads\\\/2025\\\/07\\\/CD-BlauMitja.jpg\",\"contentUrl\":\"https:\\\/\\\/www.plamarcell.cat\\\/web\\\/wp-content\\\/uploads\\\/2025\\\/07\\\/CD-BlauMitja.jpg\",\"width\":1000,\"height\":667},{\"@type\":\"BreadcrumbList\",\"@id\":\"https:\\\/\\\/www.plamarcell.cat\\\/web\\\/portfolio-item\\\/gestio-cua-virtual-places-vacants-dfp-setembre-2026\\\/#breadcrumb\",\"itemListElement\":[{\"@type\":\"ListItem\",\"position\":1,\"name\":\"Inici\",\"item\":\"https:\\\/\\\/www.plamarcell.cat\\\/web\\\/\"},{\"@type\":\"ListItem\",\"position\":2,\"name\":\"Gesti\u00f3 cua virtual places vacants d\u2019FP setembre 2026\"}]},{\"@type\":\"WebSite\",\"@id\":\"https:\\\/\\\/www.plamarcell.cat\\\/web\\\/#website\",\"url\":\"https:\\\/\\\/www.plamarcell.cat\\\/web\\\/\",\"name\":\"Institut Pla Marcell\",\"description\":\"Decidir, conviure i aprendre\",\"publisher\":{\"@id\":\"https:\\\/\\\/www.plamarcell.cat\\\/web\\\/#organization\"},\"potentialAction\":[{\"@type\":\"SearchAction\",\"target\":{\"@type\":\"EntryPoint\",\"urlTemplate\":\"https:\\\/\\\/www.plamarcell.cat\\\/web\\\/?s={search_term_string}\"},\"query-input\":{\"@type\":\"PropertyValueSpecification\",\"valueRequired\":true,\"valueName\":\"search_term_string\"}}],\"inLanguage\":\"ca\"},{\"@type\":\"Organization\",\"@id\":\"https:\\\/\\\/www.plamarcell.cat\\\/web\\\/#organization\",\"name\":\"Institut Pla Marcell\",\"url\":\"https:\\\/\\\/www.plamarcell.cat\\\/web\\\/\",\"logo\":{\"@type\":\"ImageObject\",\"inLanguage\":\"ca\",\"@id\":\"https:\\\/\\\/www.plamarcell.cat\\\/web\\\/#\\\/schema\\\/logo\\\/image\\\/\",\"url\":\"https:\\\/\\\/www.plamarcell.cat\\\/web\\\/wp-content\\\/uploads\\\/2025\\\/03\\\/ima-Logo-header-1.png\",\"contentUrl\":\"https:\\\/\\\/www.plamarcell.cat\\\/web\\\/wp-content\\\/uploads\\\/2025\\\/03\\\/ima-Logo-header-1.png\",\"width\":1200,\"height\":700,\"caption\":\"Institut Pla Marcell\"},\"image\":{\"@id\":\"https:\\\/\\\/www.plamarcell.cat\\\/web\\\/#\\\/schema\\\/logo\\\/image\\\/\"},\"sameAs\":[\"https:\\\/\\\/www.instagram.com\\\/pla.marcell\\\/\"]}]}<\/script>\n<!-- \/ Yoast SEO plugin. -->","yoast_head_json":{"title":"Gesti\u00f3 cua virtual places vacants d\u2019FP setembre 2026 - Institut Pla Marcell","robots":{"index":"index","follow":"follow","max-snippet":"max-snippet:-1","max-image-preview":"max-image-preview:large","max-video-preview":"max-video-preview:-1"},"canonical":"https:\/\/www.plamarcell.cat\/web\/portfolio-item\/gestio-cua-virtual-places-vacants-dfp-setembre-2026\/","og_locale":"ca_ES","og_type":"article","og_title":"Gesti\u00f3 cua virtual places vacants d\u2019FP setembre 2026 - Institut Pla Marcell","og_url":"https:\/\/www.plamarcell.cat\/web\/portfolio-item\/gestio-cua-virtual-places-vacants-dfp-setembre-2026\/","og_site_name":"Institut Pla Marcell","article_modified_time":"2026-09-02T16:10:56+00:00","og_image":[{"width":1000,"height":667,"url":"https:\/\/www.plamarcell.cat\/web\/wp-content\/uploads\/2025\/07\/CD-BlauMitja.jpg","type":"image\/jpeg"}],"twitter_card":"summary_large_image","twitter_misc":{"Temps estimat de lectura":"1 minut"},"schema":{"@context":"https:\/\/schema.org","@graph":[{"@type":"WebPage","@id":"https:\/\/www.plamarcell.cat\/web\/portfolio-item\/gestio-cua-virtual-places-vacants-dfp-setembre-2026\/","url":"https:\/\/www.plamarcell.cat\/web\/portfolio-item\/gestio-cua-virtual-places-vacants-dfp-setembre-2026\/","name":"Gesti\u00f3 cua virtual places vacants d\u2019FP setembre 2026 - Institut Pla Marcell","isPartOf":{"@id":"https:\/\/www.plamarcell.cat\/web\/#website"},"primaryImageOfPage":{"@id":"https:\/\/www.plamarcell.cat\/web\/portfolio-item\/gestio-cua-virtual-places-vacants-dfp-setembre-2026\/#primaryimage"},"image":{"@id":"https:\/\/www.plamarcell.cat\/web\/portfolio-item\/gestio-cua-virtual-places-vacants-dfp-setembre-2026\/#primaryimage"},"thumbnailUrl":"https:\/\/www.plamarcell.cat\/web\/wp-content\/uploads\/2025\/07\/CD-BlauMitja.jpg","datePublished":"2026-09-02T15:57:51+00:00","dateModified":"2026-09-02T16:10:56+00:00","breadcrumb":{"@id":"https:\/\/www.plamarcell.cat\/web\/portfolio-item\/gestio-cua-virtual-places-vacants-dfp-setembre-2026\/#breadcrumb"},"inLanguage":"ca","potentialAction":[{"@type":"ReadAction","target":["https:\/\/www.plamarcell.cat\/web\/portfolio-item\/gestio-cua-virtual-places-vacants-dfp-setembre-2026\/"]}]},{"@type":"ImageObject","inLanguage":"ca","@id":"https:\/\/www.plamarcell.cat\/web\/portfolio-item\/gestio-cua-virtual-places-vacants-dfp-setembre-2026\/#primaryimage","url":"https:\/\/www.plamarcell.cat\/web\/wp-content\/uploads\/2025\/07\/CD-BlauMitja.jpg","contentUrl":"https:\/\/www.plamarcell.cat\/web\/wp-content\/uploads\/2025\/07\/CD-BlauMitja.jpg","width":1000,"height":667},{"@type":"BreadcrumbList","@id":"https:\/\/www.plamarcell.cat\/web\/portfolio-item\/gestio-cua-virtual-places-vacants-dfp-setembre-2026\/#breadcrumb","itemListElement":[{"@type":"ListItem","position":1,"name":"Inici","item":"https:\/\/www.plamarcell.cat\/web\/"},{"@type":"ListItem","position":2,"name":"Gesti\u00f3 cua virtual places vacants d\u2019FP setembre 2026"}]},{"@type":"WebSite","@id":"https:\/\/www.plamarcell.cat\/web\/#website","url":"https:\/\/www.plamarcell.cat\/web\/","name":"Institut Pla Marcell","description":"Decidir, conviure i aprendre","publisher":{"@id":"https:\/\/www.plamarcell.cat\/web\/#organization"},"potentialAction":[{"@type":"SearchAction","target":{"@type":"EntryPoint","urlTemplate":"https:\/\/www.plamarcell.cat\/web\/?s={search_term_string}"},"query-input":{"@type":"PropertyValueSpecification","valueRequired":true,"valueName":"search_term_string"}}],"inLanguage":"ca"},{"@type":"Organization","@id":"https:\/\/www.plamarcell.cat\/web\/#organization","name":"Institut Pla Marcell","url":"https:\/\/www.plamarcell.cat\/web\/","logo":{"@type":"ImageObject","inLanguage":"ca","@id":"https:\/\/www.plamarcell.cat\/web\/#\/schema\/logo\/image\/","url":"https:\/\/www.plamarcell.cat\/web\/wp-content\/uploads\/2025\/03\/ima-Logo-header-1.png","contentUrl":"https:\/\/www.plamarcell.cat\/web\/wp-content\/uploads\/2025\/03\/ima-Logo-header-1.png","width":1200,"height":700,"caption":"Institut Pla Marcell"},"image":{"@id":"https:\/\/www.plamarcell.cat\/web\/#\/schema\/logo\/image\/"},"sameAs":["https:\/\/www.instagram.com\/pla.marcell\/"]}]}},"_links":{"self":[{"href":"https:\/\/www.plamarcell.cat\/web\/wp-json\/wp\/v2\/portfolio\/6432","targetHints":{"allow":["GET"]}}],"collection":[{"href":"https:\/\/www.plamarcell.cat\/web\/wp-json\/wp\/v2\/portfolio"}],"about":[{"href":"https:\/\/www.plamarcell.cat\/web\/wp-json\/wp\/v2\/types\/portfolio"}],"author":[{"embeddable":true,"href":"https:\/\/www.plamarcell.cat\/web\/wp-json\/wp\/v2\/users\/1"}],"replies":[{"embeddable":true,"href":"https:\/\/www.plamarcell.cat\/web\/wp-json\/wp\/v2\/comments?post=6432"}],"version-history":[{"count":10,"href":"https:\/\/www.plamarcell.cat\/web\/wp-json\/wp\/v2\/portfolio\/6432\/revisions"}],"predecessor-version":[{"id":6444,"href":"https:\/\/www.plamarcell.cat\/web\/wp-json\/wp\/v2\/portfolio\/6432\/revisions\/6444"}],"wp:featuredmedia":[{"embeddable":true,"href":"https:\/\/www.plamarcell.cat\/web\/wp-json\/wp\/v2\/media\/4535"}],"wp:attachment":[{"href":"https:\/\/www.plamarcell.cat\/web\/wp-json\/wp\/v2\/media?parent=6432"}],"wp:term":[{"taxonomy":"post_tag","embeddable":true,"href":"https:\/\/www.plamarcell.cat\/web\/wp-json\/wp\/v2\/tags?post=6432"},{"taxonomy":"portfolio_entries","embeddable":true,"href":"https:\/\/www.plamarcell.cat\/web\/wp-json\/wp\/v2\/portfolio_entries?post=6432"}],"curies":[{"name":"wp","href":"https:\/\/api.w.org\/{rel}","templated":true}]}}